{"id":16260,"date":"2019-03-14T15:19:23","date_gmt":"2019-03-14T14:19:23","guid":{"rendered":"https:\/\/www.totem-formation.fr\/gestao-de-equipas-e-estrategia-de-aliados\/"},"modified":"2025-07-18T11:06:03","modified_gmt":"2025-07-18T10:06:03","slug":"gestao-de-equipas-e-estrategia-de-aliados","status":"publish","type":"page","link":"https:\/\/www.totem-formation.fr\/pt-pt\/gestao-de-equipas-e-estrategia-de-aliados\/","title":{"rendered":"Gest\u00e3o de equipas e estrat\u00e9gia de aliados"},"content":{"rendered":"<div class=\"wpb-content-wrapper\"><p>[vc_row][vc_column][vc_separator color=&#8221;black&#8221; style=&#8221;shadow&#8221;][\/vc_column][\/vc_row][vc_row][vc_column][vc_column_text]<\/p>\n<h1><strong>Gest\u00e3o de equipas<\/strong><\/h1>\n<p><strong>As nossas equipas viajaram muito por todo o mundo para apoiar gestores e executivos. As nossas conclus\u00f5es s\u00e3o id\u00eanticas: de Paris a Miami, passando por Taiwan e Madrid, as preocupa\u00e7\u00f5es dos gestores de hoje centram-se na forma de unir e empenhar as equipas na realiza\u00e7\u00e3o dos seus objetivos e na tomada de decis\u00f5es. <\/strong><\/p>\n<p>Embora n\u00e3o exista uma forma\u00e7\u00e3o milagrosa, a mais-valia de gest\u00e3o existe e \u00e9 realiz\u00e1vel a partir do momento em que dedicamos tempo a clarificar o nosso projeto de equipa para dar mais alma \u00e0s nossas decis\u00f5es e objetivos.[\/vc_column_text][vc_row_inner][vc_column_inner][vc_separator color=&#8221;white&#8221;][\/vc_column_inner][\/vc_row_inner][vc_column_text]<\/p>\n<blockquote><p>&#8220;Juntarmo-nos \u00e9 um come\u00e7o. Permaneceres juntos \u00e9 um progresso. Trabalhar em conjunto \u00e9 sucesso&#8221; Henry Ford<\/p><\/blockquote>\n<p>[\/vc_column_text][vc_separator color=&#8221;white&#8221;][vc_column_text]<\/p>\n<h1><strong>PROJECTO DE EQUIPA E ESTRAT\u00c9GIA DE ALIADOS<\/strong><\/h1>\n<p>[\/vc_column_text][vc_separator color=&#8221;white&#8221;][\/vc_column][\/vc_row][vc_row][vc_column width=&#8221;1\/2&#8243;][vc_column_text]<\/p>\n<h2 style=\"text-align: center;\"><strong>Objetivo do curso<\/strong><\/h2>\n<ul>\n<li>Combina empenho e desempenho.<\/li>\n<li>Desenvolver uma gest\u00e3o eficaz que sirva os objectivos da empresa.<\/li>\n<li>Refor\u00e7ar um clima de confian\u00e7a para envolver e reter os nossos colaboradores.<\/li>\n<li>Dar sentido \u00e0s decis\u00f5es e re\u00fane as pessoas em torno delas.<\/li>\n<li>Combinar a intelig\u00eancia emocional e a estrat\u00e9gia de comunica\u00e7\u00e3o para p\u00f4r em pr\u00e1tica uma estrat\u00e9gia de aliados.<\/li>\n<\/ul>\n<p>[\/vc_column_text][\/vc_column][vc_column width=&#8221;1\/2&#8243;][vc_single_image image=&#8221;14393&#8243; img_size=&#8221;medium&#8221; alignment=&#8221;center&#8221;][\/vc_column][\/vc_row][vc_row][vc_column width=&#8221;1\/2&#8243;][vc_column_text]<\/p>\n<h2 style=\"text-align: center;\"><b>Sistema de apoio <\/b>:<\/h2>\n<p style=\"text-align: left;\">Um programa de 4 meses que alterna :<\/p>\n<ul>\n<li>Trabalho preparat\u00f3rio.<\/li>\n<li>Comparece pessoalmente.<\/li>\n<li>Apoio individual.<\/li>\n<li>Discuss\u00f5es antes e depois com o gestor do participante e o diretor de RH.<\/li>\n<li>Acesso \u00e0 nossa plataforma de e-learning.<\/li>\n<\/ul>\n<p>[\/vc_column_text][\/vc_column][vc_column width=&#8221;1\/2&#8243;][vc_single_image image=&#8221;14394&#8243; img_size=&#8221;medium&#8221; alignment=&#8221;center&#8221;][\/vc_column][\/vc_row][vc_row][vc_column][vc_separator color=&#8221;white&#8221;][\/vc_column][\/vc_row][vc_row][vc_column][vc_column_text]<\/p>\n<h1><strong>Programa<\/strong><\/h1>\n<p>[\/vc_column_text][\/vc_column][\/vc_row][vc_row][vc_column][vc_separator color=&#8221;white&#8221;][\/vc_column][\/vc_row][vc_row][vc_column width=&#8221;1\/2&#8243;][vc_column_text]<\/p>\n<h2 style=\"text-align: center;\"><strong>Construir um projeto de equipa<\/strong><\/h2>\n<ul>\n<li>Identificar\/esclarecer a nossa ambi\u00e7\u00e3o para a nossa equipa: ADN, objectivos e resultados esperados.<\/li>\n<li>Um m\u00e9todo de constru\u00e7\u00e3o de um projeto de equipa: an\u00e1lise, enquadramento e estrutura\u00e7\u00e3o.<\/li>\n<li>A\u00e7\u00e3o: Formaliza o teu projeto.<\/li>\n<\/ul>\n<p>[\/vc_column_text][\/vc_column][vc_column width=&#8221;1\/2&#8243;][vc_single_image image=&#8221;14381&#8243; img_size=&#8221;medium&#8221; alignment=&#8221;center&#8221;][\/vc_column][\/vc_row][vc_row][vc_column width=&#8221;1\/2&#8243;][vc_column_text]<\/p>\n<h2 style=\"text-align: center;\"><strong>Implementar uma estrat\u00e9gia de aliados<\/strong><\/h2>\n<ul>\n<li>An\u00e1lise e conhecimento da situa\u00e7\u00e3o da sua equipa e das for\u00e7as em jogo.<\/li>\n<li>Construir a tua estrat\u00e9gia de aliados.<\/li>\n<li>Apoio e forma\u00e7\u00e3o para federar e comprometer-se com um projeto de equipa.<\/li>\n<li>Apoio e forma\u00e7\u00e3o para influenciar os seus aliados (confia nos seus aliados e desafia os seus espectadores).<\/li>\n<\/ul>\n<p>[\/vc_column_text][\/vc_column][vc_column width=&#8221;1\/2&#8243;][vc_single_image image=&#8221;14378&#8243; img_size=&#8221;medium&#8221; alignment=&#8221;center&#8221;][\/vc_column][\/vc_row][vc_row][vc_column width=&#8221;1\/2&#8243;][vc_column_text]<\/p>\n<h2 style=\"text-align: center;\"><strong>Lida com situa\u00e7\u00f5es complexas<\/strong><\/h2>\n<ul>\n<li>M\u00e9todo: carateriza\u00e7\u00e3o de situa\u00e7\u00f5es complexas, do mal-entendido ao conflito.<\/li>\n<li>M\u00e9todo: clarifica a sua inten\u00e7\u00e3o.<\/li>\n<li>Forma\u00e7\u00e3o em comunica\u00e7\u00e3o: forma\u00e7\u00e3o em gest\u00e3o de desacordos e conflitos.<\/li>\n<\/ul>\n<p>[\/vc_column_text][\/vc_column][vc_column width=&#8221;1\/2&#8243;][vc_single_image image=&#8221;14380&#8243; img_size=&#8221;medium&#8221; alignment=&#8221;center&#8221;][\/vc_column][\/vc_row][vc_row][vc_column][vc_separator color=&#8221;white&#8221;][\/vc_column][\/vc_row][vc_row][vc_column][vc_column_text]N\u00e3o hesites em <a href=\"https:\/\/www.totem-formation.fr\/pt-pt\/contacto\/\">contactar-nos<\/a> para obteres um or\u00e7amento e um programa personalizado.[\/vc_column_text][\/vc_column][\/vc_row]<\/p>\n<\/div>","protected":false},"excerpt":{"rendered":"<p>[vc_row][vc_column][vc_separator color=&#8221;black&#8221; style=&#8221;shadow&#8221;][\/vc_column][\/vc_row][vc_row][vc_column][vc_column_text] Gest\u00e3o de equipas As nossas equipas viajaram muito por todo o mundo para apoiar gestores e executivos. As nossas conclus\u00f5es s\u00e3o id\u00eanticas: de Paris a Miami, passando por Taiwan e Madrid, as preocupa\u00e7\u00f5es dos gestores de hoje centram-se na forma de unir e empenhar as equipas na realiza\u00e7\u00e3o dos seus objetivos e&hellip;<\/p>\n","protected":false},"author":2,"featured_media":0,"parent":0,"menu_order":0,"comment_status":"closed","ping_status":"closed","template":"","meta":{"_acf_changed":false,"footnotes":""},"class_list":["post-16260","page","type-page","status-publish","hentry"],"acf":[],"yoast_head":"<!-- This site is optimized with the Yoast SEO plugin v25.1 - https:\/\/yoast.com\/wordpress\/plugins\/seo\/ -->\n<title>Gest\u00e3o de equipas e estrat\u00e9gia de aliados - Totem Consultoria e forma\u00e7\u00e3o<\/title>\n<meta name=\"description\" content=\"A mais-valia de gest\u00e3o que existe \u00e9 alcan\u00e7\u00e1vel a partir do momento em que dedicamos tempo a clarificar o nosso projeto de equipa para dar mais alma \u00e0s nossas decis\u00f5es e objectivos.\" \/>\n<meta name=\"robots\" content=\"index, follow, max-snippet:-1, max-image-preview:large, max-video-preview:-1\" \/>\n<link rel=\"canonical\" href=\"https:\/\/www.totem-formation.fr\/pt-pt\/gestao-de-equipas-e-estrategia-de-aliados\/\" \/>\n<meta property=\"og:locale\" content=\"pt_PT\" \/>\n<meta property=\"og:type\" content=\"article\" \/>\n<meta property=\"og:title\" content=\"Gest\u00e3o de equipas e estrat\u00e9gia de aliados - Totem Consultoria e forma\u00e7\u00e3o\" \/>\n<meta property=\"og:description\" content=\"A mais-valia de gest\u00e3o que existe \u00e9 alcan\u00e7\u00e1vel a partir do momento em que dedicamos tempo a clarificar o nosso projeto de equipa para dar mais alma \u00e0s nossas decis\u00f5es e objectivos.\" \/>\n<meta property=\"og:url\" content=\"https:\/\/www.totem-formation.fr\/pt-pt\/gestao-de-equipas-e-estrategia-de-aliados\/\" \/>\n<meta property=\"og:site_name\" content=\"Totem\" \/>\n<meta property=\"article:publisher\" content=\"http:\/\/www.facebook.com\/TotemConseilFormation\" \/>\n<meta property=\"article:modified_time\" content=\"2025-07-18T10:06:03+00:00\" \/>\n<meta name=\"twitter:card\" content=\"summary_large_image\" \/>\n<meta name=\"twitter:site\" content=\"@totem_cpl\" \/>\n<meta name=\"twitter:label1\" content=\"Tempo estimado de leitura\" \/>\n\t<meta name=\"twitter:data1\" content=\"3 minutos\" \/>\n<script type=\"application\/ld+json\" class=\"yoast-schema-graph\">{\"@context\":\"https:\/\/schema.org\",\"@graph\":[{\"@type\":\"WebPage\",\"@id\":\"https:\/\/www.totem-formation.fr\/pt-pt\/gestao-de-equipas-e-estrategia-de-aliados\/\",\"url\":\"https:\/\/www.totem-formation.fr\/pt-pt\/gestao-de-equipas-e-estrategia-de-aliados\/\",\"name\":\"Gest\u00e3o de equipas e estrat\u00e9gia de aliados - Totem Consultoria e forma\u00e7\u00e3o\",\"isPartOf\":{\"@id\":\"https:\/\/www.totem-formation.fr\/pt-pt\/#website\"},\"datePublished\":\"2019-03-14T14:19:23+00:00\",\"dateModified\":\"2025-07-18T10:06:03+00:00\",\"description\":\"A mais-valia de gest\u00e3o que existe \u00e9 alcan\u00e7\u00e1vel a partir do momento em que dedicamos tempo a clarificar o nosso projeto de equipa para dar mais alma \u00e0s nossas decis\u00f5es e objectivos.\",\"breadcrumb\":{\"@id\":\"https:\/\/www.totem-formation.fr\/pt-pt\/gestao-de-equipas-e-estrategia-de-aliados\/#breadcrumb\"},\"inLanguage\":\"pt-PT\",\"potentialAction\":[{\"@type\":\"ReadAction\",\"target\":[\"https:\/\/www.totem-formation.fr\/pt-pt\/gestao-de-equipas-e-estrategia-de-aliados\/\"]}]},{\"@type\":\"BreadcrumbList\",\"@id\":\"https:\/\/www.totem-formation.fr\/pt-pt\/gestao-de-equipas-e-estrategia-de-aliados\/#breadcrumb\",\"itemListElement\":[{\"@type\":\"ListItem\",\"position\":1,\"name\":\"Accueil\",\"item\":\"https:\/\/www.totem-formation.fr\/pt-pt\/inicio-novo\/\"},{\"@type\":\"ListItem\",\"position\":2,\"name\":\"Gest\u00e3o de equipas e estrat\u00e9gia de aliados\"}]},{\"@type\":\"WebSite\",\"@id\":\"https:\/\/www.totem-formation.fr\/pt-pt\/#website\",\"url\":\"https:\/\/www.totem-formation.fr\/pt-pt\/\",\"name\":\"Totem\",\"description\":\"Conseil et Formation\",\"publisher\":{\"@id\":\"https:\/\/www.totem-formation.fr\/pt-pt\/#organization\"},\"potentialAction\":[{\"@type\":\"SearchAction\",\"target\":{\"@type\":\"EntryPoint\",\"urlTemplate\":\"https:\/\/www.totem-formation.fr\/pt-pt\/?s={search_term_string}\"},\"query-input\":{\"@type\":\"PropertyValueSpecification\",\"valueRequired\":true,\"valueName\":\"search_term_string\"}}],\"inLanguage\":\"pt-PT\"},{\"@type\":\"Organization\",\"@id\":\"https:\/\/www.totem-formation.fr\/pt-pt\/#organization\",\"name\":\"Totem Formation\",\"url\":\"https:\/\/www.totem-formation.fr\/pt-pt\/\",\"logo\":{\"@type\":\"ImageObject\",\"inLanguage\":\"pt-PT\",\"@id\":\"https:\/\/www.totem-formation.fr\/pt-pt\/#\/schema\/logo\/image\/\",\"url\":\"https:\/\/www.totem-formation.fr\/wp-content\/uploads\/2015\/07\/logo-totem-moyen.png\",\"contentUrl\":\"https:\/\/www.totem-formation.fr\/wp-content\/uploads\/2015\/07\/logo-totem-moyen.png\",\"width\":400,\"height\":130,\"caption\":\"Totem Formation\"},\"image\":{\"@id\":\"https:\/\/www.totem-formation.fr\/pt-pt\/#\/schema\/logo\/image\/\"},\"sameAs\":[\"http:\/\/www.facebook.com\/TotemConseilFormation\",\"https:\/\/x.com\/totem_cpl\"]}]}<\/script>\n<!-- \/ Yoast SEO plugin. -->","yoast_head_json":{"title":"Gest\u00e3o de equipas e estrat\u00e9gia de aliados - Totem Consultoria e forma\u00e7\u00e3o","description":"A mais-valia de gest\u00e3o que existe \u00e9 alcan\u00e7\u00e1vel a partir do momento em que dedicamos tempo a clarificar o nosso projeto de equipa para dar mais alma \u00e0s nossas decis\u00f5es e objectivos.","robots":{"index":"index","follow":"follow","max-snippet":"max-snippet:-1","max-image-preview":"max-image-preview:large","max-video-preview":"max-video-preview:-1"},"canonical":"https:\/\/www.totem-formation.fr\/pt-pt\/gestao-de-equipas-e-estrategia-de-aliados\/","og_locale":"pt_PT","og_type":"article","og_title":"Gest\u00e3o de equipas e estrat\u00e9gia de aliados - Totem Consultoria e forma\u00e7\u00e3o","og_description":"A mais-valia de gest\u00e3o que existe \u00e9 alcan\u00e7\u00e1vel a partir do momento em que dedicamos tempo a clarificar o nosso projeto de equipa para dar mais alma \u00e0s nossas decis\u00f5es e objectivos.","og_url":"https:\/\/www.totem-formation.fr\/pt-pt\/gestao-de-equipas-e-estrategia-de-aliados\/","og_site_name":"Totem","article_publisher":"http:\/\/www.facebook.com\/TotemConseilFormation","article_modified_time":"2025-07-18T10:06:03+00:00","twitter_card":"summary_large_image","twitter_site":"@totem_cpl","twitter_misc":{"Tempo estimado de leitura":"3 minutos"},"schema":{"@context":"https:\/\/schema.org","@graph":[{"@type":"WebPage","@id":"https:\/\/www.totem-formation.fr\/pt-pt\/gestao-de-equipas-e-estrategia-de-aliados\/","url":"https:\/\/www.totem-formation.fr\/pt-pt\/gestao-de-equipas-e-estrategia-de-aliados\/","name":"Gest\u00e3o de equipas e estrat\u00e9gia de aliados - Totem Consultoria e forma\u00e7\u00e3o","isPartOf":{"@id":"https:\/\/www.totem-formation.fr\/pt-pt\/#website"},"datePublished":"2019-03-14T14:19:23+00:00","dateModified":"2025-07-18T10:06:03+00:00","description":"A mais-valia de gest\u00e3o que existe \u00e9 alcan\u00e7\u00e1vel a partir do momento em que dedicamos tempo a clarificar o nosso projeto de equipa para dar mais alma \u00e0s nossas decis\u00f5es e objectivos.","breadcrumb":{"@id":"https:\/\/www.totem-formation.fr\/pt-pt\/gestao-de-equipas-e-estrategia-de-aliados\/#breadcrumb"},"inLanguage":"pt-PT","potentialAction":[{"@type":"ReadAction","target":["https:\/\/www.totem-formation.fr\/pt-pt\/gestao-de-equipas-e-estrategia-de-aliados\/"]}]},{"@type":"BreadcrumbList","@id":"https:\/\/www.totem-formation.fr\/pt-pt\/gestao-de-equipas-e-estrategia-de-aliados\/#breadcrumb","itemListElement":[{"@type":"ListItem","position":1,"name":"Accueil","item":"https:\/\/www.totem-formation.fr\/pt-pt\/inicio-novo\/"},{"@type":"ListItem","position":2,"name":"Gest\u00e3o de equipas e estrat\u00e9gia de aliados"}]},{"@type":"WebSite","@id":"https:\/\/www.totem-formation.fr\/pt-pt\/#website","url":"https:\/\/www.totem-formation.fr\/pt-pt\/","name":"Totem","description":"Conseil et Formation","publisher":{"@id":"https:\/\/www.totem-formation.fr\/pt-pt\/#organization"},"potentialAction":[{"@type":"SearchAction","target":{"@type":"EntryPoint","urlTemplate":"https:\/\/www.totem-formation.fr\/pt-pt\/?s={search_term_string}"},"query-input":{"@type":"PropertyValueSpecification","valueRequired":true,"valueName":"search_term_string"}}],"inLanguage":"pt-PT"},{"@type":"Organization","@id":"https:\/\/www.totem-formation.fr\/pt-pt\/#organization","name":"Totem Formation","url":"https:\/\/www.totem-formation.fr\/pt-pt\/","logo":{"@type":"ImageObject","inLanguage":"pt-PT","@id":"https:\/\/www.totem-formation.fr\/pt-pt\/#\/schema\/logo\/image\/","url":"https:\/\/www.totem-formation.fr\/wp-content\/uploads\/2015\/07\/logo-totem-moyen.png","contentUrl":"https:\/\/www.totem-formation.fr\/wp-content\/uploads\/2015\/07\/logo-totem-moyen.png","width":400,"height":130,"caption":"Totem Formation"},"image":{"@id":"https:\/\/www.totem-formation.fr\/pt-pt\/#\/schema\/logo\/image\/"},"sameAs":["http:\/\/www.facebook.com\/TotemConseilFormation","https:\/\/x.com\/totem_cpl"]}]}},"_links":{"self":[{"href":"https:\/\/www.totem-formation.fr\/pt-pt\/wp-json\/wp\/v2\/pages\/16260","targetHints":{"allow":["GET"]}}],"collection":[{"href":"https:\/\/www.totem-formation.fr\/pt-pt\/wp-json\/wp\/v2\/pages"}],"about":[{"href":"https:\/\/www.totem-formation.fr\/pt-pt\/wp-json\/wp\/v2\/types\/page"}],"author":[{"embeddable":true,"href":"https:\/\/www.totem-formation.fr\/pt-pt\/wp-json\/wp\/v2\/users\/2"}],"replies":[{"embeddable":true,"href":"https:\/\/www.totem-formation.fr\/pt-pt\/wp-json\/wp\/v2\/comments?post=16260"}],"version-history":[{"count":5,"href":"https:\/\/www.totem-formation.fr\/pt-pt\/wp-json\/wp\/v2\/pages\/16260\/revisions"}],"predecessor-version":[{"id":16524,"href":"https:\/\/www.totem-formation.fr\/pt-pt\/wp-json\/wp\/v2\/pages\/16260\/revisions\/16524"}],"wp:attachment":[{"href":"https:\/\/www.totem-formation.fr\/pt-pt\/wp-json\/wp\/v2\/media?parent=16260"}],"curies":[{"name":"wp","href":"https:\/\/api.w.org\/{rel}","templated":true}]}}