{"id":16193,"date":"2015-06-25T10:06:20","date_gmt":"2015-06-25T09:06:20","guid":{"rendered":"https:\/\/www.totem-formation.fr\/a-equipa\/"},"modified":"2025-07-18T11:57:57","modified_gmt":"2025-07-18T10:57:57","slug":"a-equipa","status":"publish","type":"page","link":"https:\/\/www.totem-formation.fr\/pt-pt\/a-equipa\/","title":{"rendered":"A EQUIPA"},"content":{"rendered":"<div class=\"wpb-content-wrapper\"><p>[vc_row full_width=&#8221;stretch_row&#8221; css=&#8221;.vc_custom_1594888443328{background-color: #e64f29 !important;}&#8221;][vc_column][vc_column_text css_animation=&#8221;bottom-to-top&#8221;]<\/p>\n<h1 style=\"text-align: center;\"><span style=\"color: #ffffff;\"><b>A equipa TOTEM<br \/>\nconsultores Formadores certificados<\/b><\/span><\/h1>\n<p>&nbsp;<\/p>\n<h3 style=\"text-align: center;\"><span style=\"color: #ffffff;\">UMA EQUIPA DIN\u00c2MICA E INOVADORA PRONTA A TRANSFORMAR AS TUAS AMBI\u00c7\u00d5ES EM REALIDADE<\/span><\/h3>\n<p>[\/vc_column_text][\/vc_column][\/vc_row][vc_row row_type=&#8221;full_width_row&#8221; gmbt_prlx_smooth_scrolling=&#8221;gambit_parallax_enable_smooth_scroll&#8221; top_padding=&#8221;90px&#8221; bottom_padding=&#8221;90px&#8221; el_class=&#8221;.border-bottom-0&#8243; css=&#8221;.vc_custom_1594889941589{margin-bottom: 0px !important;padding-top: 50px !important;padding-bottom: 90px !important;}&#8221;][vc_column][vc_row_inner][vc_column_inner width=&#8221;1\/3&#8243;][vc_single_image image=&#8221;14782&#8243; img_size=&#8221;150&#215;150&#8243; alignment=&#8221;center&#8221; style=&#8221;vc_box_circle_2&#8243; css_animation=&#8221;fadeIn&#8221; css=&#8221;.vc_custom_1594981029205{margin-bottom: 3px !important;border-bottom-width: 3px !important;}&#8221;][vc_column_text css_animation=&#8221;top-to-bottom&#8221;]<\/p>\n<p style=\"text-align: center;\"><strong>David Rivera<br \/>\n<\/strong><em>- Parceiro<\/em><\/p>\n<p style=\"text-align: center;\"><a href=\"https:\/\/www.linkedin.com\/in\/david-rivera-759589b6\/\" target=\"_blank\" rel=\"noopener noreferrer\"><img loading=\"lazy\" decoding=\"async\" class=\"alignnone wp-image-14616\" src=\"https:\/\/www.totem-formation.fr\/wp-content\/uploads\/2020\/07\/Linkedin.jpg\" alt=\"Linkedin\" width=\"50\" height=\"33\"><\/a><a href=\"mailto:rivera@totem-formation.fr\" target=\"_blank\" rel=\"noopener noreferrer\"><img loading=\"lazy\" decoding=\"async\" class=\"alignnone wp-image-14615\" src=\"https:\/\/www.totem-formation.fr\/wp-content\/uploads\/2020\/07\/Mail.jpg\" alt=\"Correio eletr\u00f3nico\" width=\"50\" height=\"33\"><\/a><\/p>\n<p>Ap\u00f3s uma carreira multidisciplinar numa empresa agroalimentar multinacional, David ocupou cargos de responsabilidade durante mais de 20 anos nos departamentos de vendas, marketing e RH. Estas experi\u00eancias complementares permitem-lhe agora adotar uma abordagem multifuncional da efic\u00e1cia comercial e de gest\u00e3o, com base numa compreens\u00e3o \u00e1gil das empresas e das organiza\u00e7\u00f5es.<br \/>\nConstantemente \u00e0 procura de novas abordagens e m\u00e9todos de ensino, gosta de liderar uma comunidade de formadores de alto desempenho no Totem, com o objetivo de desenvolver um sentido de corresponsabilidade ao mesmo tempo envolvente e cuidadoso, no interesse do desempenho do cliente.<br \/>\n[\/vc_column_text][\/vc_column_inner][vc_column_inner width=&#8221;1\/3&#8243;][vc_single_image image=&#8221;15142&#8243; img_size=&#8221;150&#215;150&#8243; alignment=&#8221;center&#8221; style=&#8221;vc_box_circle_2&#8243; css_animation=&#8221;fadeIn&#8221; css=&#8221;.vc_custom_1612514122977{margin-bottom: 3px !important;border-bottom-width: 3px !important;}&#8221;][vc_column_text css_animation=&#8221;top-to-bottom&#8221;]<\/p>\n<p style=\"text-align: center;\"><strong>Jean-S\u00e9bastien Michel<br \/>\n<\/strong><em>- Parceiro<\/em><\/p>\n<p style=\"text-align: center;\"><a href=\"https:\/\/www.linkedin.com\/in\/jean-sebastienmichel\/?originalSubdomain=fr\" target=\"_blank\" rel=\"noopener noreferrer\"><img loading=\"lazy\" decoding=\"async\" class=\"alignnone wp-image-14616\" src=\"https:\/\/www.totem-formation.fr\/wp-content\/uploads\/2020\/07\/Linkedin.jpg\" alt=\"Linkedin\" width=\"50\" height=\"33\"><\/a><a href=\"mailto:michel@totem-formation.fr\" target=\"_blank\" rel=\"noopener noreferrer\"><img loading=\"lazy\" decoding=\"async\" class=\"alignnone wp-image-14615\" src=\"https:\/\/www.totem-formation.fr\/wp-content\/uploads\/2020\/07\/Mail.jpg\" alt=\"Correio eletr\u00f3nico\" width=\"50\" height=\"33\"><\/a><\/p>\n<p>Com 25 anos de experi\u00eancia em fun\u00e7\u00f5es estrat\u00e9gicas e operacionais de gest\u00e3o executiva e comercial nos setores da Grande Distribui\u00e7\u00e3o Moderna (GDM) e Fora do Domic\u00edlio, Jean-S\u00e9bastien adquiriu uma experi\u00eancia consider\u00e1vel em Gest\u00e3o, Negocia\u00e7\u00e3o, Vendas, Gest\u00e3o de Categorias e Organiza\u00e7\u00e3o.<br \/>\nApaixonado pela gest\u00e3o de pessoas nas suas dimens\u00f5es pessoais e coletivas, coloca todo o seu know-how e compet\u00eancias interpessoais ao servi\u00e7o do desempenho.<br \/>\nCom certifica\u00e7\u00e3o em Coaching Executivo pela HEC Paris, procura constantemente revelar a riqueza e o poder do potencial de cada indiv\u00edduo.[\/vc_column_text][\/vc_column_inner][vc_column_inner width=&#8221;1\/3&#8243;][vc_single_image image=&#8221;14437&#8243; img_size=&#8221;150&#215;150&#8243; alignment=&#8221;center&#8221; style=&#8221;vc_box_circle_2&#8243; css_animation=&#8221;fadeIn&#8221; css=&#8221;.vc_custom_1594888238033{margin-bottom: 3px !important;border-bottom-width: 3px !important;background-position: center !important;background-repeat: no-repeat !important;background-size: cover !important;}&#8221;][vc_column_text css_animation=&#8221;top-to-bottom&#8221;]<\/p>\n<p style=\"text-align: center;\"><strong>S\u00e9verine Cazeneuve<br \/>\n<\/strong><em>- Assistente de forma\u00e7\u00e3o -<\/em><\/p>\n<p style=\"text-align: center;\"><a href=\"https:\/\/www.linkedin.com\/in\/s%C3%A9verine-cazeneuve-183a63151\/\" target=\"_blank\" rel=\"noopener noreferrer\"><img loading=\"lazy\" decoding=\"async\" class=\"alignnone wp-image-14616\" src=\"https:\/\/www.totem-formation.fr\/wp-content\/uploads\/2020\/07\/Linkedin.jpg\" alt=\"Linkedin\" width=\"50\" height=\"33\"><\/a><a href=\"mailto:cazeneuve@totem-formation.fr\" target=\"_blank\" rel=\"noopener noreferrer\"><img loading=\"lazy\" decoding=\"async\" class=\"alignnone wp-image-14615\" src=\"https:\/\/www.totem-formation.fr\/wp-content\/uploads\/2020\/07\/Mail.jpg\" alt=\"Correio eletr\u00f3nico\" width=\"50\" height=\"33\"><\/a><\/p>\n<p>S\u00e9verine trabalha como assistente de forma\u00e7\u00e3o desde agosto de 2017, ap\u00f3s uma carreira de dez anos no sector do com\u00e9rcio e uma d\u00fazia de anos no sector da restaura\u00e7\u00e3o. S\u00e9verine depende dos Diretores Associados e contribui para a gest\u00e3o administrativa e log\u00edstica dos programas de forma\u00e7\u00e3o, bem como para as v\u00e1rias outras tarefas que lhe s\u00e3o atribu\u00eddas. Din\u00e2mica e atenta a todos, S\u00e9verine trabalha num posto polivalente e gratificante onde os projectos s\u00e3o m\u00faltiplos e variados.[\/vc_column_text][\/vc_column_inner][\/vc_row_inner][vc_row_inner][vc_column_inner width=&#8221;1\/3&#8243;][vc_single_image image=&#8221;14016&#8243; img_size=&#8221;150&#215;150&#8243; alignment=&#8221;center&#8221; style=&#8221;vc_box_circle_2&#8243; css_animation=&#8221;fadeIn&#8221; css=&#8221;.vc_custom_1594888229799{margin-bottom: 3px !important;border-bottom-width: 3px !important;}&#8221;][vc_column_text css_animation=&#8221;top-to-bottom&#8221;]<\/p>\n<p style=\"text-align: center;\"><strong>Katia Dhuicq<br \/>\n<\/strong><em>- Parceiro - Katia Dhuicq<\/em><\/p>\n<p style=\"text-align: center;\"><a href=\"https:\/\/www.linkedin.com\/in\/katia-dhuicq-5590155b\/\" target=\"_blank\" rel=\"noopener noreferrer\"><img loading=\"lazy\" decoding=\"async\" class=\"alignnone wp-image-14616\" src=\"https:\/\/www.totem-formation.fr\/wp-content\/uploads\/2020\/07\/Linkedin.jpg\" alt=\"Linkedin\" width=\"50\" height=\"33\"><\/a><a href=\"mailto:dhuicq@totem-formation.fr\" target=\"_blank\" rel=\"noopener noreferrer\"><img loading=\"lazy\" decoding=\"async\" class=\"alignnone wp-image-14615\" src=\"https:\/\/www.totem-formation.fr\/wp-content\/uploads\/2020\/07\/Mail.jpg\" alt=\"Correio eletr\u00f3nico\" width=\"50\" height=\"33\"><\/a><\/p>\n<p>Com um passado em vendas e na ind\u00fastria alimentar, o credo desta trekker \u00e9 o desempenho dos outros. Certificada em gest\u00e3o da mudan\u00e7a e psicologia positiva, usa o seu discernimento para levar os seus participantes a um efeito de espelho, uma fonte de gatilhos que conduzem \u00e0 facilidade e ao desempenho.[\/vc_column_text][\/vc_column_inner][vc_column_inner width=&#8221;1\/3&#8243;][vc_single_image image=&#8221;14632&#8243; img_size=&#8221;150&#215;150&#8243; alignment=&#8221;center&#8221; style=&#8221;vc_box_circle_2&#8243; css_animation=&#8221;fadeIn&#8221; css=&#8221;.vc_custom_1594888251628{margin-bottom: 3px !important;border-bottom-width: 3px !important;}&#8221;][vc_column_text css_animation=&#8221;top-to-bottom&#8221;]<\/p>\n<p style=\"text-align: center;\"><strong>Fabrice Boussin<br \/>\n<\/strong><em>- Parceiro -<\/em><\/p>\n<p style=\"text-align: center;\"><a href=\"https:\/\/www.linkedin.com\/in\/fabrice-boussin-359b3958\/\" target=\"_blank\" rel=\"noopener noreferrer\"><img loading=\"lazy\" decoding=\"async\" class=\"alignnone wp-image-14616\" src=\"https:\/\/www.totem-formation.fr\/wp-content\/uploads\/2020\/07\/Linkedin.jpg\" alt=\"Linkedin\" width=\"50\" height=\"33\"><\/a><a href=\"mailto:boussin@totem-formation.fr\" target=\"_blank\" rel=\"noopener noreferrer\"><img loading=\"lazy\" decoding=\"async\" class=\"alignnone wp-image-14615\" src=\"https:\/\/www.totem-formation.fr\/wp-content\/uploads\/2020\/07\/Mail.jpg\" alt=\"Correio eletr\u00f3nico\" width=\"50\" height=\"33\"><\/a><\/p>\n<p>Homem de experi\u00eancia comercial e de gest\u00e3o, Fabrice dedica-se agora ao acompanhamento de colaboradores de empresas nos dom\u00ednios da gest\u00e3o, das vendas, da negocia\u00e7\u00e3o e da gest\u00e3o de categorias, com uma \u00fanica ambi\u00e7\u00e3o: ajud\u00e1-los a atingir os seus respectivos cumes. Pragm\u00e1tico e bom ouvinte, o seu principal objetivo no coaching \u00e9 desenvolver a autonomia e o empowerment dos participantes.[\/vc_column_text][\/vc_column_inner][vc_column_inner width=&#8221;1\/3&#8243;][vc_single_image image=&#8221;14018&#8243; img_size=&#8221;150&#215;150&#8243; alignment=&#8221;center&#8221; style=&#8221;vc_box_circle_2&#8243; css_animation=&#8221;top-to-bottom&#8221; css=&#8221;.vc_custom_1594886777861{margin-bottom: 3px !important;border-bottom-width: 3px !important;}&#8221;][vc_column_text css_animation=&#8221;top-to-bottom&#8221;]<\/p>\n<p style=\"text-align: center;\"><strong>Emmanuel Corcin<br \/>\n<\/strong><em>- Parceiro -<\/em><\/p>\n<p style=\"text-align: center;\"><a href=\"https:\/\/www.linkedin.com\/in\/emmanuel-corcin-81166843\/\" target=\"_blank\" rel=\"noopener noreferrer\"><img loading=\"lazy\" decoding=\"async\" class=\"alignnone wp-image-14616\" src=\"https:\/\/www.totem-formation.fr\/wp-content\/uploads\/2020\/07\/Linkedin.jpg\" alt=\"Linkedin\" width=\"50\" height=\"33\"><\/a><a href=\"mailto:corcin@totem-formation.fr\" target=\"_blank\" rel=\"noopener noreferrer\"><img loading=\"lazy\" decoding=\"async\" class=\"alignnone wp-image-14615\" src=\"https:\/\/www.totem-formation.fr\/wp-content\/uploads\/2020\/07\/Mail.jpg\" alt=\"Correio eletr\u00f3nico\" width=\"50\" height=\"33\"><\/a><\/p>\n<p>Cofundador da TOTEM e multi-empres\u00e1rio, Emmanuel acompanha os l\u00edderes empresariais h\u00e1 mais de 20 anos. Especialista em engenharia pedag\u00f3gica, coloca todos os dias as suas compet\u00eancias ao servi\u00e7o do seu credo: o poder excecional do trabalho em equipa![\/vc_column_text][\/vc_column_inner][\/vc_row_inner][vc_row_inner][vc_column_inner width=&#8221;1\/3&#8243;][vc_single_image image=&#8221;14794&#8243; img_size=&#8221;150&#215;150&#8243; alignment=&#8221;center&#8221; style=&#8221;vc_box_circle_2&#8243; css_animation=&#8221;fadeIn&#8221; css=&#8221;.vc_custom_1594982154850{margin-bottom: 3px !important;border-bottom-width: 3px !important;}&#8221;][vc_column_text css_animation=&#8221;top-to-bottom&#8221;]<\/p>\n<p style=\"text-align: center;\"><strong>Marie-France Lef\u00e8vre<br \/>\n<\/strong><em>- parceiro -<\/em><\/p>\n<p style=\"text-align: center;\"><a href=\"https:\/\/www.linkedin.com\/in\/marie-france-lef%C3%A8vre-79659610\/\" target=\"_blank\" rel=\"noopener noreferrer\"><img loading=\"lazy\" decoding=\"async\" class=\"alignnone wp-image-14616\" src=\"https:\/\/www.totem-formation.fr\/wp-content\/uploads\/2020\/07\/Linkedin.jpg\" alt=\"Linkedin\" width=\"50\" height=\"33\"><\/a><a href=\"mailto:lefevre@totem-formation.fr\" target=\"_blank\" rel=\"noopener noreferrer\"><img loading=\"lazy\" decoding=\"async\" class=\"alignnone wp-image-14615\" src=\"https:\/\/www.totem-formation.fr\/wp-content\/uploads\/2020\/07\/Mail.jpg\" alt=\"Correio eletr\u00f3nico\" width=\"50\" height=\"33\"><\/a><\/p>\n<p>Profissional da inova\u00e7\u00e3o pedag\u00f3gica, Marie-France Lef\u00e8vre est\u00e1 empenhada em ajudar as suas equipas a desenvolver o seu potencial de gest\u00e3o e comercial. Ap\u00f3s uma carreira em marketing banc\u00e1rio, vendas e gest\u00e3o de equipas no sector dos produtos de grande consumo, optou por se dedicar \u00e0 forma\u00e7\u00e3o e ao desenvolvimento de talentos. O seu gosto pela inova\u00e7\u00e3o e pela criatividade, bem como a sua capacidade de aproveitar a energia de cada indiv\u00edduo, permitem-lhe acompanhar as equipas e os indiv\u00edduos no seu caminho para o sucesso.[\/vc_column_text][\/vc_column_inner][vc_column_inner width=&#8221;1\/3&#8243;][vc_single_image image=&#8221;15179&#8243; img_size=&#8221;150&#215;150&#8243; alignment=&#8221;center&#8221; style=&#8221;vc_box_circle_2&#8243; css_animation=&#8221;fadeIn&#8221; css=&#8221;.vc_custom_1678976909313{margin-bottom: 3px !important;border-bottom-width: 3px !important;}&#8221;][vc_column_text css_animation=&#8221;top-to-bottom&#8221;]<\/p>\n<p style=\"text-align: center;\"><strong>Aurore Kervinio-Vincent<\/strong><\/p>\n<p style=\"text-align: center;\"><em>- Parceiro -<\/em><\/p>\n<p style=\"text-align: center;\"><a href=\"https:\/\/www.linkedin.com\/in\/aurore-kervinio-vincent\" target=\"_blank\" rel=\"noopener\"><img loading=\"lazy\" decoding=\"async\" class=\"alignnone wp-image-14616\" src=\"https:\/\/www.totem-formation.fr\/wp-content\/uploads\/2020\/07\/Linkedin.jpg\" alt=\"Linkedin\" width=\"50\" height=\"33\"><\/a><a href=\"mailto:vincent@totem-formation.fr\" target=\"_blank\" rel=\"noopener noreferrer\"><img loading=\"lazy\" decoding=\"async\" class=\"alignnone wp-image-14615\" src=\"https:\/\/www.totem-formation.fr\/wp-content\/uploads\/2020\/07\/Mail.jpg\" alt=\"Correio eletr\u00f3nico\" width=\"50\" height=\"33\"><\/a><\/p>\n<p><span class=\"\">A<\/span><span class=\"\">urore baseia-se na sua experi\u00eancia de mais de <\/span><span class=\"\">20 anos de experi\u00eancia no com\u00e9rcio retalhista (supermercados e out-of-home) em grandes grupos internacionais para o ajudar a desenvolver o desempenho dos seus empregados. <\/span><span class=\"\">Formador e coach profissional<\/span><span class=\"\"> <\/span><span class=\"\">a sua miss\u00e3o \u00e9 apoiar <\/span><span class=\"\">executivos, gestores e equipas <\/span><span class=\"\">em quest\u00f5es relacionadas com a <\/span><span class=\"\">efic\u00e1cia comercial, gest\u00e3o, comunica\u00e7\u00e3o, intelig\u00eancia emocional e gest\u00e3o do stress. <\/span><span class=\"\">Aurore \u00e9 tamb\u00e9m <\/span><span class=\"\">\u00e9 tamb\u00e9m Sofrologista certificada, especializada na gest\u00e3o do stress e das emo\u00e7\u00f5es e no apoio ao <\/span><span class=\"\">esgotamento<\/span><span class=\"\">. <\/span>[\/vc_column_text][\/vc_column_inner][vc_column_inner width=&#8221;1\/3&#8243;][vc_single_image image=&#8221;14796&#8243; img_size=&#8221;150&#215;150&#8243; alignment=&#8221;center&#8221; style=&#8221;vc_box_circle_2&#8243; css_animation=&#8221;fadeIn&#8221; css=&#8221;.vc_custom_1594982391969{margin-bottom: 3px !important;border-bottom-width: 3px !important;background-position: center !important;background-repeat: no-repeat !important;background-size: cover !important;}&#8221;][vc_column_text css_animation=&#8221;top-to-bottom&#8221;]<\/p>\n<p style=\"text-align: center;\"><strong>Brigitte Grassi<br \/>\n<\/strong><em>- Parceiro -<\/em><\/p>\n<p style=\"text-align: center;\"><a href=\"https:\/\/www.linkedin.com\/in\/brigitte-grassi-bouche-revol-23058b12\/\" target=\"_blank\" rel=\"noopener noreferrer\"><img loading=\"lazy\" decoding=\"async\" class=\"alignnone wp-image-14616\" src=\"https:\/\/www.totem-formation.fr\/wp-content\/uploads\/2020\/07\/Linkedin.jpg\" alt=\"Linkedin\" width=\"50\" height=\"33\"><\/a><a href=\"mailto:grassi@totem-formation.fr\" target=\"_blank\" rel=\"noopener noreferrer\"><img loading=\"lazy\" decoding=\"async\" class=\"alignnone wp-image-14615\" src=\"https:\/\/www.totem-formation.fr\/wp-content\/uploads\/2020\/07\/Mail.jpg\" alt=\"Correio eletr\u00f3nico\" width=\"50\" height=\"33\"><\/a><\/p>\n<p>A sua atividade consiste em ter em conta o contexto e os desafios dos seus clientes e em p\u00f4r em pr\u00e1tica um sistema de apoio para influenciar os seus objectivos e condi\u00e7\u00f5es de sucesso (ades\u00e3o \u00e0 mudan\u00e7a, aumento das compet\u00eancias do pessoal, organiza\u00e7\u00e3o ad hoc). 3 palavras caracterizam os nossos servi\u00e7os de consultoria e de forma\u00e7\u00e3o: benevol\u00eancia, pragmatismo e rigor. O seu trabalho caracteriza-se por 3 tipos de apoio: consultoria, forma\u00e7\u00e3o e coaching.[\/vc_column_text][\/vc_column_inner][\/vc_row_inner][\/vc_column][\/vc_row]<\/p>\n<\/div>","protected":false},"excerpt":{"rendered":"<p>[vc_row full_width=&#8221;stretch_row&#8221; css=&#8221;.vc_custom_1594888443328{background-color: #e64f29 !important;}&#8221;][vc_column][vc_column_text css_animation=&#8221;bottom-to-top&#8221;] A equipa TOTEM consultores Formadores certificados &nbsp; UMA EQUIPA DIN\u00c2MICA E INOVADORA PRONTA A TRANSFORMAR AS TUAS AMBI\u00c7\u00d5ES EM REALIDADE [\/vc_column_text][\/vc_column][\/vc_row][vc_row row_type=&#8221;full_width_row&#8221; gmbt_prlx_smooth_scrolling=&#8221;gambit_parallax_enable_smooth_scroll&#8221; top_padding=&#8221;90px&#8221; bottom_padding=&#8221;90px&#8221; el_class=&#8221;.border-bottom-0&#8243; css=&#8221;.vc_custom_1594889941589{margin-bottom: 0px !important;padding-top: 50px !important;padding-bottom: 90px !important;}&#8221;][vc_column][vc_row_inner][vc_column_inner width=&#8221;1\/3&#8243;][vc_single_image image=&#8221;14782&#8243; img_size=&#8221;150&#215;150&#8243; alignment=&#8221;center&#8221; style=&#8221;vc_box_circle_2&#8243; css_animation=&#8221;fadeIn&#8221; css=&#8221;.vc_custom_1594981029205{margin-bottom: 3px !important;border-bottom-width: 3px !important;}&#8221;][vc_column_text css_animation=&#8221;top-to-bottom&#8221;] David Rivera - Parceiro&hellip;<\/p>\n","protected":false},"author":1,"featured_media":0,"parent":0,"menu_order":0,"comment_status":"open","ping_status":"open","template":"","meta":{"_acf_changed":false,"footnotes":""},"class_list":["post-16193","page","type-page","status-publish","hentry"],"acf":[],"yoast_head":"<!-- This site is optimized with the Yoast SEO plugin v25.1 - https:\/\/yoast.com\/wordpress\/plugins\/seo\/ -->\n<title>A equipa Totem conseil &amp; formation - Paris<\/title>\n<meta name=\"description\" content=\"Beneficiar\u00e1 de uma equipa dedicada e empenhada em cumprir os objectivos e desafios da sua empresa, mantendo-se fiel aos seus projectos.\" \/>\n<meta name=\"robots\" content=\"index, follow, max-snippet:-1, max-image-preview:large, max-video-preview:-1\" \/>\n<link rel=\"canonical\" href=\"https:\/\/www.totem-formation.fr\/pt-pt\/a-equipa\/\" \/>\n<meta property=\"og:locale\" content=\"pt_PT\" \/>\n<meta property=\"og:type\" content=\"article\" \/>\n<meta property=\"og:title\" content=\"A equipa Totem conseil &amp; formation - Paris\" \/>\n<meta property=\"og:description\" content=\"Beneficiar\u00e1 de uma equipa dedicada e empenhada em cumprir os objectivos e desafios da sua empresa, mantendo-se fiel aos seus projectos.\" \/>\n<meta property=\"og:url\" content=\"https:\/\/www.totem-formation.fr\/pt-pt\/a-equipa\/\" \/>\n<meta property=\"og:site_name\" content=\"Totem\" \/>\n<meta property=\"article:publisher\" content=\"http:\/\/www.facebook.com\/TotemConseilFormation\" \/>\n<meta property=\"article:modified_time\" content=\"2025-07-18T10:57:57+00:00\" \/>\n<meta property=\"og:image\" content=\"https:\/\/www.totem-formation.fr\/wp-content\/uploads\/2020\/07\/Linkedin.jpg\" \/>\n\t<meta property=\"og:image:width\" content=\"300\" \/>\n\t<meta property=\"og:image:height\" content=\"200\" \/>\n\t<meta property=\"og:image:type\" content=\"image\/jpeg\" \/>\n<meta name=\"twitter:card\" content=\"summary_large_image\" \/>\n<meta name=\"twitter:site\" content=\"@totem_cpl\" \/>\n<meta name=\"twitter:label1\" content=\"Tempo estimado de leitura\" \/>\n\t<meta name=\"twitter:data1\" content=\"6 minutos\" \/>\n<script type=\"application\/ld+json\" class=\"yoast-schema-graph\">{\"@context\":\"https:\/\/schema.org\",\"@graph\":[{\"@type\":\"WebPage\",\"@id\":\"https:\/\/www.totem-formation.fr\/pt-pt\/a-equipa\/\",\"url\":\"https:\/\/www.totem-formation.fr\/pt-pt\/a-equipa\/\",\"name\":\"A equipa Totem conseil & formation - Paris\",\"isPartOf\":{\"@id\":\"https:\/\/www.totem-formation.fr\/pt-pt\/#website\"},\"primaryImageOfPage\":{\"@id\":\"https:\/\/www.totem-formation.fr\/pt-pt\/a-equipa\/#primaryimage\"},\"image\":{\"@id\":\"https:\/\/www.totem-formation.fr\/pt-pt\/a-equipa\/#primaryimage\"},\"thumbnailUrl\":\"https:\/\/www.totem-formation.fr\/wp-content\/uploads\/2020\/07\/Linkedin.jpg\",\"datePublished\":\"2015-06-25T09:06:20+00:00\",\"dateModified\":\"2025-07-18T10:57:57+00:00\",\"description\":\"Beneficiar\u00e1 de uma equipa dedicada e empenhada em cumprir os objectivos e desafios da sua empresa, mantendo-se fiel aos seus projectos.\",\"breadcrumb\":{\"@id\":\"https:\/\/www.totem-formation.fr\/pt-pt\/a-equipa\/#breadcrumb\"},\"inLanguage\":\"pt-PT\",\"potentialAction\":[{\"@type\":\"ReadAction\",\"target\":[\"https:\/\/www.totem-formation.fr\/pt-pt\/a-equipa\/\"]}]},{\"@type\":\"ImageObject\",\"inLanguage\":\"pt-PT\",\"@id\":\"https:\/\/www.totem-formation.fr\/pt-pt\/a-equipa\/#primaryimage\",\"url\":\"https:\/\/www.totem-formation.fr\/wp-content\/uploads\/2020\/07\/Linkedin.jpg\",\"contentUrl\":\"https:\/\/www.totem-formation.fr\/wp-content\/uploads\/2020\/07\/Linkedin.jpg\"},{\"@type\":\"BreadcrumbList\",\"@id\":\"https:\/\/www.totem-formation.fr\/pt-pt\/a-equipa\/#breadcrumb\",\"itemListElement\":[{\"@type\":\"ListItem\",\"position\":1,\"name\":\"Accueil\",\"item\":\"https:\/\/www.totem-formation.fr\/pt-pt\/inicio-novo\/\"},{\"@type\":\"ListItem\",\"position\":2,\"name\":\"A EQUIPA\"}]},{\"@type\":\"WebSite\",\"@id\":\"https:\/\/www.totem-formation.fr\/pt-pt\/#website\",\"url\":\"https:\/\/www.totem-formation.fr\/pt-pt\/\",\"name\":\"Totem\",\"description\":\"Conseil et Formation\",\"publisher\":{\"@id\":\"https:\/\/www.totem-formation.fr\/pt-pt\/#organization\"},\"potentialAction\":[{\"@type\":\"SearchAction\",\"target\":{\"@type\":\"EntryPoint\",\"urlTemplate\":\"https:\/\/www.totem-formation.fr\/pt-pt\/?s={search_term_string}\"},\"query-input\":{\"@type\":\"PropertyValueSpecification\",\"valueRequired\":true,\"valueName\":\"search_term_string\"}}],\"inLanguage\":\"pt-PT\"},{\"@type\":\"Organization\",\"@id\":\"https:\/\/www.totem-formation.fr\/pt-pt\/#organization\",\"name\":\"Totem Formation\",\"url\":\"https:\/\/www.totem-formation.fr\/pt-pt\/\",\"logo\":{\"@type\":\"ImageObject\",\"inLanguage\":\"pt-PT\",\"@id\":\"https:\/\/www.totem-formation.fr\/pt-pt\/#\/schema\/logo\/image\/\",\"url\":\"https:\/\/www.totem-formation.fr\/wp-content\/uploads\/2015\/07\/logo-totem-moyen.png\",\"contentUrl\":\"https:\/\/www.totem-formation.fr\/wp-content\/uploads\/2015\/07\/logo-totem-moyen.png\",\"width\":400,\"height\":130,\"caption\":\"Totem Formation\"},\"image\":{\"@id\":\"https:\/\/www.totem-formation.fr\/pt-pt\/#\/schema\/logo\/image\/\"},\"sameAs\":[\"http:\/\/www.facebook.com\/TotemConseilFormation\",\"https:\/\/x.com\/totem_cpl\"]}]}<\/script>\n<!-- \/ Yoast SEO plugin. -->","yoast_head_json":{"title":"A equipa Totem conseil & formation - Paris","description":"Beneficiar\u00e1 de uma equipa dedicada e empenhada em cumprir os objectivos e desafios da sua empresa, mantendo-se fiel aos seus projectos.","robots":{"index":"index","follow":"follow","max-snippet":"max-snippet:-1","max-image-preview":"max-image-preview:large","max-video-preview":"max-video-preview:-1"},"canonical":"https:\/\/www.totem-formation.fr\/pt-pt\/a-equipa\/","og_locale":"pt_PT","og_type":"article","og_title":"A equipa Totem conseil & formation - Paris","og_description":"Beneficiar\u00e1 de uma equipa dedicada e empenhada em cumprir os objectivos e desafios da sua empresa, mantendo-se fiel aos seus projectos.","og_url":"https:\/\/www.totem-formation.fr\/pt-pt\/a-equipa\/","og_site_name":"Totem","article_publisher":"http:\/\/www.facebook.com\/TotemConseilFormation","article_modified_time":"2025-07-18T10:57:57+00:00","og_image":[{"width":300,"height":200,"url":"https:\/\/www.totem-formation.fr\/wp-content\/uploads\/2020\/07\/Linkedin.jpg","type":"image\/jpeg"}],"twitter_card":"summary_large_image","twitter_site":"@totem_cpl","twitter_misc":{"Tempo estimado de leitura":"6 minutos"},"schema":{"@context":"https:\/\/schema.org","@graph":[{"@type":"WebPage","@id":"https:\/\/www.totem-formation.fr\/pt-pt\/a-equipa\/","url":"https:\/\/www.totem-formation.fr\/pt-pt\/a-equipa\/","name":"A equipa Totem conseil & formation - Paris","isPartOf":{"@id":"https:\/\/www.totem-formation.fr\/pt-pt\/#website"},"primaryImageOfPage":{"@id":"https:\/\/www.totem-formation.fr\/pt-pt\/a-equipa\/#primaryimage"},"image":{"@id":"https:\/\/www.totem-formation.fr\/pt-pt\/a-equipa\/#primaryimage"},"thumbnailUrl":"https:\/\/www.totem-formation.fr\/wp-content\/uploads\/2020\/07\/Linkedin.jpg","datePublished":"2015-06-25T09:06:20+00:00","dateModified":"2025-07-18T10:57:57+00:00","description":"Beneficiar\u00e1 de uma equipa dedicada e empenhada em cumprir os objectivos e desafios da sua empresa, mantendo-se fiel aos seus projectos.","breadcrumb":{"@id":"https:\/\/www.totem-formation.fr\/pt-pt\/a-equipa\/#breadcrumb"},"inLanguage":"pt-PT","potentialAction":[{"@type":"ReadAction","target":["https:\/\/www.totem-formation.fr\/pt-pt\/a-equipa\/"]}]},{"@type":"ImageObject","inLanguage":"pt-PT","@id":"https:\/\/www.totem-formation.fr\/pt-pt\/a-equipa\/#primaryimage","url":"https:\/\/www.totem-formation.fr\/wp-content\/uploads\/2020\/07\/Linkedin.jpg","contentUrl":"https:\/\/www.totem-formation.fr\/wp-content\/uploads\/2020\/07\/Linkedin.jpg"},{"@type":"BreadcrumbList","@id":"https:\/\/www.totem-formation.fr\/pt-pt\/a-equipa\/#breadcrumb","itemListElement":[{"@type":"ListItem","position":1,"name":"Accueil","item":"https:\/\/www.totem-formation.fr\/pt-pt\/inicio-novo\/"},{"@type":"ListItem","position":2,"name":"A EQUIPA"}]},{"@type":"WebSite","@id":"https:\/\/www.totem-formation.fr\/pt-pt\/#website","url":"https:\/\/www.totem-formation.fr\/pt-pt\/","name":"Totem","description":"Conseil et Formation","publisher":{"@id":"https:\/\/www.totem-formation.fr\/pt-pt\/#organization"},"potentialAction":[{"@type":"SearchAction","target":{"@type":"EntryPoint","urlTemplate":"https:\/\/www.totem-formation.fr\/pt-pt\/?s={search_term_string}"},"query-input":{"@type":"PropertyValueSpecification","valueRequired":true,"valueName":"search_term_string"}}],"inLanguage":"pt-PT"},{"@type":"Organization","@id":"https:\/\/www.totem-formation.fr\/pt-pt\/#organization","name":"Totem Formation","url":"https:\/\/www.totem-formation.fr\/pt-pt\/","logo":{"@type":"ImageObject","inLanguage":"pt-PT","@id":"https:\/\/www.totem-formation.fr\/pt-pt\/#\/schema\/logo\/image\/","url":"https:\/\/www.totem-formation.fr\/wp-content\/uploads\/2015\/07\/logo-totem-moyen.png","contentUrl":"https:\/\/www.totem-formation.fr\/wp-content\/uploads\/2015\/07\/logo-totem-moyen.png","width":400,"height":130,"caption":"Totem Formation"},"image":{"@id":"https:\/\/www.totem-formation.fr\/pt-pt\/#\/schema\/logo\/image\/"},"sameAs":["http:\/\/www.facebook.com\/TotemConseilFormation","https:\/\/x.com\/totem_cpl"]}]}},"_links":{"self":[{"href":"https:\/\/www.totem-formation.fr\/pt-pt\/wp-json\/wp\/v2\/pages\/16193","targetHints":{"allow":["GET"]}}],"collection":[{"href":"https:\/\/www.totem-formation.fr\/pt-pt\/wp-json\/wp\/v2\/pages"}],"about":[{"href":"https:\/\/www.totem-formation.fr\/pt-pt\/wp-json\/wp\/v2\/types\/page"}],"author":[{"embeddable":true,"href":"https:\/\/www.totem-formation.fr\/pt-pt\/wp-json\/wp\/v2\/users\/1"}],"replies":[{"embeddable":true,"href":"https:\/\/www.totem-formation.fr\/pt-pt\/wp-json\/wp\/v2\/comments?post=16193"}],"version-history":[{"count":8,"href":"https:\/\/www.totem-formation.fr\/pt-pt\/wp-json\/wp\/v2\/pages\/16193\/revisions"}],"predecessor-version":[{"id":16548,"href":"https:\/\/www.totem-formation.fr\/pt-pt\/wp-json\/wp\/v2\/pages\/16193\/revisions\/16548"}],"wp:attachment":[{"href":"https:\/\/www.totem-formation.fr\/pt-pt\/wp-json\/wp\/v2\/media?parent=16193"}],"curies":[{"name":"wp","href":"https:\/\/api.w.org\/{rel}","templated":true}]}}