{"id":15472,"date":"2018-05-25T08:06:18","date_gmt":"2018-05-25T07:06:18","guid":{"rendered":"https:\/\/www.totem-formation.fr\/carta-totem-cpl-sobre-la-proteccion-de-datos-personales\/"},"modified":"2025-05-26T19:15:18","modified_gmt":"2025-05-26T18:15:18","slug":"carta-totem-cpl-sobre-la-proteccion-de-datos-personales","status":"publish","type":"page","link":"https:\/\/www.totem-formation.fr\/es\/carta-totem-cpl-sobre-la-proteccion-de-datos-personales\/","title":{"rendered":"Carta Totem CPL sobre la protecci\u00f3n de datos personales"},"content":{"rendered":"<div class=\"wpb-content-wrapper\"><p>[vc_row css=\u00bb.vc_custom_1614611601514{padding-top: 30px !important;padding-bottom: 50px !important;}\u00bb][vc_column][vc_column_text]<\/p>\n<div class=\"page\" title=\"P\u00e1gina 1\">\n<div class=\"layoutArea\">\n<div class=\"column\">\n<p><strong>CARTA TOTEM CPL SOBRE PROTECCI\u00d3N DE DATOS PERSONALES<\/strong><\/p>\n<\/div>\n<\/div>\n<p><img decoding=\"async\" src=\"data:image\/png;base64,iVBORw0KGgoAAAANSUhEUgAAAUgAAAABCAYAAAC8NDcjAAAAAXNSR0IArs4c6QAAAHhlWElmTU0AKgAAAAgABAEaAAUAAAABAAAAPgEbAAUAAAABAAAARgEoAAMAAAABAAIAAIdpAAQAAAABAAAATgAAAAAAAh\/SAAAGiQACH9IAAAaJAAOgAQADAAAAAQABAACgAgAEAAAAAQAAAUigAwAEAAAAAQAAAAEAAAAAuAYm2gAAAAlwSFlzAAAMzAAADMwBJbrDOQAAAB1JREFUOBFjZGBg2A\/Eo2A0BEZDYDQERkMANQR6AdufAU6rXOcnAAAAAElFTkSuQmCC\" alt=\"p\u00e1gina1imagen61756864\" width=\"327.400000\" height=\"0.750000\"><\/p>\n<div class=\"layoutArea\">\n<div class=\"column\">\n<p>Totem CPL se compromete a proteger la privacidad de sus clientes.<\/p>\n<p>El objetivo de esta Carta es establecer nuestros principios y acciones para garantizar el cumplimiento de la normativa aplicable en materia de protecci\u00f3n de datos personales.<\/p>\n<p><strong>1- Principios que rigen el tratamiento de datos personales<\/strong><\/p>\n<p>De conformidad con el Reglamento (UE) 2016\/679 de 27 de abril de 2016 relativo a la protecci\u00f3n de las personas f\u00edsicas en lo que respecta al tratamiento de datos personales, el tratamiento de tus datos personales realizado por Totem CPL se basa en los siguientes principios fundamentales:<\/p>\n<p>\u2713 El tratamiento es l\u00edcito, leal y transparente<br \/>\n\u2713 Las finalidades de cada tratamiento son determinadas, expl\u00edcitas y leg\u00edtimas<br \/>\n\u2713 Los datos recogidos son proporcionales a la finalidad del tratamiento<br \/>\n\u2713 Los datos recogidos est\u00e1n sujetos a medidas de seguridad organizativas y t\u00e9cnicas\u015b<\/p>\n<p><strong>2- Responsable del tratamiento<\/strong><\/p>\n<p>Los datos personales recogidos son tratados por la sociedad Totem CPL, sociedad de responsabilidad limitada con capital de 8.100 euros, inscrita en el RCS de Par\u00eds con el n\u00ba B433121725, cuyo domicilio social se encuentra en 24 rue de Sur\u00e8ne 75 008 Par\u00eds.<\/p>\n<p><strong>3- Naturaleza de los datos recogidos<\/strong><\/p>\n<p>Por datos personales se entiende cualquier informaci\u00f3n relativa a una persona identificada o identificable, en particular mediante identificadores como un nombre, un n\u00famero de identificaci\u00f3n, datos de localizaci\u00f3n, un identificador en l\u00ednea, uno o varios elementos espec\u00edficos propios de la identidad f\u00edsica, fisiol\u00f3gica, gen\u00e9tica, ps\u00edquica, econ\u00f3mica, cultural o social, as\u00ed como cualquier otra informaci\u00f3n que nuestros clientes decidan comunicarnos.<\/p>\n<p>Recogemos y procesamos dos tipos principales de datos:<\/p>\n<p>\u2713 Datos relativos a nuestros clientes: estos datos se refieren principalmente a los contactos del departamento de formaci\u00f3n, del departamento de recursos humanos, del departamento de compras, del departamento comercial, industrial o de log\u00edstica. Los datos personales recogidos y tratados son obligatoriamente apellidos, nombre, direcci\u00f3n de correo electr\u00f3nico, funciones, y opcionalmente direcci\u00f3n postal, n\u00famero de tel\u00e9fono cualquier otra informaci\u00f3n comunicada espont\u00e1neamente por la persona si su contenido es pertinente y proporcionado con respecto a la finalidad del tratamiento. <\/p>\n<p>\u2713 Datos relativos a los aprendices de formaci\u00f3n profesional: estos datos se recogen del empresario o del propio aprendiz al inscribirse. Estos datos son: apellidos, nombre, empleador, profesi\u00f3n, direcciones de correo electr\u00f3nico y postal, n\u00famero de tel\u00e9fono y cualquier otra informaci\u00f3n comunicada espont\u00e1neamente por la persona si su contenido es relevante y est\u00e1 directamente relacionado con la finalidad del tratamiento. <\/p>\n<\/div>\n<\/div>\n<\/div>\n<div class=\"page\" title=\"P\u00e1gina 2\">\n<div class=\"layoutArea\">\n<div class=\"column\">\n<p>Los datos del aprendiz se recogen del empresario para cumplir la obligaci\u00f3n legal de \u00e9ste de formar a sus empleados, o en el marco del r\u00e9gimen del FNE (Fondo Nacional para el Empleo), que se basa en la participaci\u00f3n voluntaria de los empleados.<\/p>\n<p>Se podr\u00e1n recoger datos del aprendiz para cumplir con la obligaci\u00f3n legal mencionada en el p\u00e1rrafo anterior o para llevar a cabo un curso de formaci\u00f3n profesional seg\u00fan lo previsto en el art\u00edculo L 6313-1 del C\u00f3digo Laboral franc\u00e9s. Los datos recogidos son entonces necesarios para llevar a cabo la acci\u00f3n. En su caso, y \u00fanicamente en el marco de la organizaci\u00f3n de las comidas durante el curso de formaci\u00f3n, Totem CPL podr\u00e1 solicitar o recoger espont\u00e1neamente informaci\u00f3n de los alumnos sobre las alergias alimentarias que puedan padecer.  <\/p>\n<p>Asimismo, en aplicaci\u00f3n del art\u00edculo D 5211-3 del C\u00f3digo de Trabajo franc\u00e9s, Totem CPL podr\u00e1 recabar informaci\u00f3n sobre cualquier situaci\u00f3n de discapacidad con el fin de prever las adaptaciones necesarias para la realizaci\u00f3n\u0301 de la formaci\u00f3n.<\/p>\n<p><strong>4\/ Finalidades de la recogida y tratamiento de datos personales<\/strong><\/p>\n<p>Los datos recogidos son tratados por Totem CPL para los siguientes fines:<\/p>\n<p>Los datos relativos a nuestros clientes encargados de la compra de servicios de formaci\u00f3n profesional tienen como finalidad llevar a cabo la acci\u00f3n de formaci\u00f3n profesional de los empleados.<\/p>\n<p>\u2713 La finalidad de los datos relativos a los alumnos de formaci\u00f3n profesional es el registro y el tratamiento del servicio de formaci\u00f3n, a saber: el registro de inscripciones, el env\u00edo de confirmaciones de inscripci\u00f3n y documentos legales de formaci\u00f3n profesional, la elaboraci\u00f3n de listas de asistencia, certificados de asistencia y de formaci\u00f3n, la inscripci\u00f3n de alumnos para la formaci\u00f3n presencial, la conexi\u00f3n a plataformas LMS accesibles en Internet. Estas finalidades se definen de acuerdo con las disposiciones del art\u00edculo L 6353-9 del C\u00f3digo de Trabajo franc\u00e9s. <\/p>\n<p><strong>5\/ Destinatarios de los datos personales<\/strong><\/p>\n<p>Los destinatarios de los datos personales son :<\/p>\n<p>\u2713 Los departamentos internos de Totem CPL encargados de la gesti\u00f3n de la formaci\u00f3n. S\u00f3lo el personal de los departamentos encargados de procesar las operaciones relacionadas con la gesti\u00f3n de la formaci\u00f3n profesional tiene acceso a los datos personales. <\/p>\n<p>\u2713 Subcontratistas encargados de un servicio vinculado a la ejecuci\u00f3n de la acci\u00f3n formativa o socios de Totem CPL. Cuando los datos personales son tratados\u0301 por nuestros socios o subcontratistas, el tratamiento se lleva a cabo\u0301 con el \u00fanico fin de prestar el servicio o permitir el acceso al mismo. Con este fin, los proveedores de servicios y subcontratistas s\u00f3lo est\u00e1n autorizados a recopilar informaci\u00f3n con el \u00fanico prop\u00f3sito de prestar el servicio.  <\/p>\n<p>\u2713 Los datos personales tambi\u00e9n pueden ser enviados a organismos p\u00fablicos o de otro tipo, exclusivamente para cumplir nuestras obligaciones legales (en particular para supervisar y financiar la formaci\u00f3n profesional), funcionarios judiciales, agentes jur\u00eddicos y organismos encargados de cobrar deudas.<\/p>\n<\/div>\n<\/div>\n<\/div>\n<div class=\"page\" title=\"P\u00e1gina 3\">\n<div class=\"layoutArea\">\n<div class=\"column\">\n<p>En caso de exportaci\u00f3n de datos fuera de la Uni\u00f3n Europea, Totem CPL se compromete a cumplir las condiciones exigidas por el Reglamento UE 2016\/679 del Parlamento Europeo y del Consejo, de 27 de abril de 2016, y en particular a garantizar un nivel de protecci\u00f3n de datos suficiente y adecuado.<\/p>\n<p><strong>6\/ Per\u00edodo de conservaci\u00f3n de los datos<\/strong><\/p>\n<p>Los datos personales recogidos y tratados por Totem CPL para la realizaci\u00f3n de un servicio de formaci\u00f3n se conservan durante el tiempo estrictamente necesario para gestionar la formaci\u00f3n. A continuaci\u00f3n, se archivan hasta\u0300 la expiraci\u00f3n del plazo de prescripci\u00f3n legal aplicable (establecimiento de pruebas en materia contractual, pruebas que deben aportarse en caso de inspecci\u00f3n por parte de los servicios gubernamentales). <\/p>\n<p>Los datos relativos a las alergias alimentarias o discapacidades mencionadas en el punto 2\/ s\u00f3lo se conservan durante la duraci\u00f3n del curso de formaci\u00f3n.<\/p>\n<p><strong>7\/ Derechos<\/strong><\/p>\n<p>De conformidad con la normativa vigente, toda persona tiene derecho a acceder a sus datos y a rectificarlos, as\u00ed como derecho a solicitar su supresi\u00f3n, a oponerse a su tratamiento y a obtener su limitaci\u00f3n o portabilidad\u00fd en la medida en que sea aplicable, y derecho a presentar una reclamaci\u00f3n ante la Autoridad Francesa de Protecci\u00f3n de Datos (Commission nationale de l&#8217;informatique et des libert\u00e9s). Cualquier solicitud de modificaci\u00f3n deber\u00e1 realizarse a trav\u00e9s de la siguiente direcci\u00f3n: contact@totem-formation.fr <\/p>\n<\/div>\n<\/div>\n<\/div>\n<p>[\/vc_column_text][\/vc_column][\/vc_row]<\/p>\n<\/div>","protected":false},"excerpt":{"rendered":"<p>[vc_row css=\u00bb.vc_custom_1614611601514{padding-top: 30px !important;padding-bottom: 50px !important;}\u00bb][vc_column][vc_column_text] CARTA TOTEM CPL SOBRE PROTECCI\u00d3N DE DATOS PERSONALES Totem CPL se compromete a proteger la privacidad de sus clientes. El objetivo de esta Carta es establecer nuestros principios y acciones para garantizar el cumplimiento de la normativa aplicable en materia de protecci\u00f3n de datos personales. 1- Principios que rigen&hellip;<\/p>\n","protected":false},"author":1,"featured_media":0,"parent":0,"menu_order":0,"comment_status":"closed","ping_status":"closed","template":"","meta":{"_acf_changed":false,"footnotes":""},"class_list":["post-15472","page","type-page","status-publish","hentry"],"acf":[],"yoast_head":"<!-- This site is optimized with the Yoast SEO plugin v25.1 - https:\/\/yoast.com\/wordpress\/plugins\/seo\/ -->\n<title>Carta Totem CPL sobre la protecci\u00f3n de datos personales - Totem<\/title>\n<meta name=\"description\" content=\"Este sitio utiliza cookies - peque\u00f1os archivos de texto que se colocan en tu m\u00e1quina para ayudar al sitio a proporcionar una mejor experiencia al usuario.\" \/>\n<meta name=\"robots\" content=\"index, follow, max-snippet:-1, max-image-preview:large, max-video-preview:-1\" \/>\n<link rel=\"canonical\" href=\"https:\/\/www.totem-formation.fr\/es\/carta-totem-cpl-sobre-la-proteccion-de-datos-personales\/\" \/>\n<meta property=\"og:locale\" content=\"es_ES\" \/>\n<meta property=\"og:type\" content=\"article\" \/>\n<meta property=\"og:title\" content=\"Carta Totem CPL sobre la protecci\u00f3n de datos personales - Totem\" \/>\n<meta property=\"og:description\" content=\"Este sitio utiliza cookies - peque\u00f1os archivos de texto que se colocan en tu m\u00e1quina para ayudar al sitio a proporcionar una mejor experiencia al usuario.\" \/>\n<meta property=\"og:url\" content=\"https:\/\/www.totem-formation.fr\/es\/carta-totem-cpl-sobre-la-proteccion-de-datos-personales\/\" \/>\n<meta property=\"og:site_name\" content=\"Totem\" \/>\n<meta property=\"article:publisher\" content=\"http:\/\/www.facebook.com\/TotemConseilFormation\" \/>\n<meta property=\"article:modified_time\" content=\"2025-05-26T18:15:18+00:00\" \/>\n<meta name=\"twitter:card\" content=\"summary_large_image\" \/>\n<meta name=\"twitter:site\" content=\"@totem_cpl\" \/>\n<meta name=\"twitter:label1\" content=\"Tiempo de lectura\" \/>\n\t<meta name=\"twitter:data1\" content=\"6 minutos\" \/>\n<script type=\"application\/ld+json\" class=\"yoast-schema-graph\">{\"@context\":\"https:\/\/schema.org\",\"@graph\":[{\"@type\":\"WebPage\",\"@id\":\"https:\/\/www.totem-formation.fr\/es\/carta-totem-cpl-sobre-la-proteccion-de-datos-personales\/\",\"url\":\"https:\/\/www.totem-formation.fr\/es\/carta-totem-cpl-sobre-la-proteccion-de-datos-personales\/\",\"name\":\"Carta Totem CPL sobre la protecci\u00f3n de datos personales - Totem\",\"isPartOf\":{\"@id\":\"https:\/\/www.totem-formation.fr\/es\/#website\"},\"datePublished\":\"2018-05-25T07:06:18+00:00\",\"dateModified\":\"2025-05-26T18:15:18+00:00\",\"description\":\"Este sitio utiliza cookies - peque\u00f1os archivos de texto que se colocan en tu m\u00e1quina para ayudar al sitio a proporcionar una mejor experiencia al usuario.\",\"breadcrumb\":{\"@id\":\"https:\/\/www.totem-formation.fr\/es\/carta-totem-cpl-sobre-la-proteccion-de-datos-personales\/#breadcrumb\"},\"inLanguage\":\"es\",\"potentialAction\":[{\"@type\":\"ReadAction\",\"target\":[\"https:\/\/www.totem-formation.fr\/es\/carta-totem-cpl-sobre-la-proteccion-de-datos-personales\/\"]}]},{\"@type\":\"BreadcrumbList\",\"@id\":\"https:\/\/www.totem-formation.fr\/es\/carta-totem-cpl-sobre-la-proteccion-de-datos-personales\/#breadcrumb\",\"itemListElement\":[{\"@type\":\"ListItem\",\"position\":1,\"name\":\"Accueil\",\"item\":\"https:\/\/www.totem-formation.fr\/es\/inicio-nuevo\/\"},{\"@type\":\"ListItem\",\"position\":2,\"name\":\"Carta Totem CPL sobre la protecci\u00f3n de datos personales\"}]},{\"@type\":\"WebSite\",\"@id\":\"https:\/\/www.totem-formation.fr\/es\/#website\",\"url\":\"https:\/\/www.totem-formation.fr\/es\/\",\"name\":\"Totem\",\"description\":\"Conseil et Formation\",\"publisher\":{\"@id\":\"https:\/\/www.totem-formation.fr\/es\/#organization\"},\"potentialAction\":[{\"@type\":\"SearchAction\",\"target\":{\"@type\":\"EntryPoint\",\"urlTemplate\":\"https:\/\/www.totem-formation.fr\/es\/?s={search_term_string}\"},\"query-input\":{\"@type\":\"PropertyValueSpecification\",\"valueRequired\":true,\"valueName\":\"search_term_string\"}}],\"inLanguage\":\"es\"},{\"@type\":\"Organization\",\"@id\":\"https:\/\/www.totem-formation.fr\/es\/#organization\",\"name\":\"Totem Formation\",\"url\":\"https:\/\/www.totem-formation.fr\/es\/\",\"logo\":{\"@type\":\"ImageObject\",\"inLanguage\":\"es\",\"@id\":\"https:\/\/www.totem-formation.fr\/es\/#\/schema\/logo\/image\/\",\"url\":\"https:\/\/www.totem-formation.fr\/wp-content\/uploads\/2015\/07\/logo-totem-moyen.png\",\"contentUrl\":\"https:\/\/www.totem-formation.fr\/wp-content\/uploads\/2015\/07\/logo-totem-moyen.png\",\"width\":400,\"height\":130,\"caption\":\"Totem Formation\"},\"image\":{\"@id\":\"https:\/\/www.totem-formation.fr\/es\/#\/schema\/logo\/image\/\"},\"sameAs\":[\"http:\/\/www.facebook.com\/TotemConseilFormation\",\"https:\/\/x.com\/totem_cpl\"]}]}<\/script>\n<!-- \/ Yoast SEO plugin. -->","yoast_head_json":{"title":"Carta Totem CPL sobre la protecci\u00f3n de datos personales - Totem","description":"Este sitio utiliza cookies - peque\u00f1os archivos de texto que se colocan en tu m\u00e1quina para ayudar al sitio a proporcionar una mejor experiencia al usuario.","robots":{"index":"index","follow":"follow","max-snippet":"max-snippet:-1","max-image-preview":"max-image-preview:large","max-video-preview":"max-video-preview:-1"},"canonical":"https:\/\/www.totem-formation.fr\/es\/carta-totem-cpl-sobre-la-proteccion-de-datos-personales\/","og_locale":"es_ES","og_type":"article","og_title":"Carta Totem CPL sobre la protecci\u00f3n de datos personales - Totem","og_description":"Este sitio utiliza cookies - peque\u00f1os archivos de texto que se colocan en tu m\u00e1quina para ayudar al sitio a proporcionar una mejor experiencia al usuario.","og_url":"https:\/\/www.totem-formation.fr\/es\/carta-totem-cpl-sobre-la-proteccion-de-datos-personales\/","og_site_name":"Totem","article_publisher":"http:\/\/www.facebook.com\/TotemConseilFormation","article_modified_time":"2025-05-26T18:15:18+00:00","twitter_card":"summary_large_image","twitter_site":"@totem_cpl","twitter_misc":{"Tiempo de lectura":"6 minutos"},"schema":{"@context":"https:\/\/schema.org","@graph":[{"@type":"WebPage","@id":"https:\/\/www.totem-formation.fr\/es\/carta-totem-cpl-sobre-la-proteccion-de-datos-personales\/","url":"https:\/\/www.totem-formation.fr\/es\/carta-totem-cpl-sobre-la-proteccion-de-datos-personales\/","name":"Carta Totem CPL sobre la protecci\u00f3n de datos personales - Totem","isPartOf":{"@id":"https:\/\/www.totem-formation.fr\/es\/#website"},"datePublished":"2018-05-25T07:06:18+00:00","dateModified":"2025-05-26T18:15:18+00:00","description":"Este sitio utiliza cookies - peque\u00f1os archivos de texto que se colocan en tu m\u00e1quina para ayudar al sitio a proporcionar una mejor experiencia al usuario.","breadcrumb":{"@id":"https:\/\/www.totem-formation.fr\/es\/carta-totem-cpl-sobre-la-proteccion-de-datos-personales\/#breadcrumb"},"inLanguage":"es","potentialAction":[{"@type":"ReadAction","target":["https:\/\/www.totem-formation.fr\/es\/carta-totem-cpl-sobre-la-proteccion-de-datos-personales\/"]}]},{"@type":"BreadcrumbList","@id":"https:\/\/www.totem-formation.fr\/es\/carta-totem-cpl-sobre-la-proteccion-de-datos-personales\/#breadcrumb","itemListElement":[{"@type":"ListItem","position":1,"name":"Accueil","item":"https:\/\/www.totem-formation.fr\/es\/inicio-nuevo\/"},{"@type":"ListItem","position":2,"name":"Carta Totem CPL sobre la protecci\u00f3n de datos personales"}]},{"@type":"WebSite","@id":"https:\/\/www.totem-formation.fr\/es\/#website","url":"https:\/\/www.totem-formation.fr\/es\/","name":"Totem","description":"Conseil et Formation","publisher":{"@id":"https:\/\/www.totem-formation.fr\/es\/#organization"},"potentialAction":[{"@type":"SearchAction","target":{"@type":"EntryPoint","urlTemplate":"https:\/\/www.totem-formation.fr\/es\/?s={search_term_string}"},"query-input":{"@type":"PropertyValueSpecification","valueRequired":true,"valueName":"search_term_string"}}],"inLanguage":"es"},{"@type":"Organization","@id":"https:\/\/www.totem-formation.fr\/es\/#organization","name":"Totem Formation","url":"https:\/\/www.totem-formation.fr\/es\/","logo":{"@type":"ImageObject","inLanguage":"es","@id":"https:\/\/www.totem-formation.fr\/es\/#\/schema\/logo\/image\/","url":"https:\/\/www.totem-formation.fr\/wp-content\/uploads\/2015\/07\/logo-totem-moyen.png","contentUrl":"https:\/\/www.totem-formation.fr\/wp-content\/uploads\/2015\/07\/logo-totem-moyen.png","width":400,"height":130,"caption":"Totem Formation"},"image":{"@id":"https:\/\/www.totem-formation.fr\/es\/#\/schema\/logo\/image\/"},"sameAs":["http:\/\/www.facebook.com\/TotemConseilFormation","https:\/\/x.com\/totem_cpl"]}]}},"_links":{"self":[{"href":"https:\/\/www.totem-formation.fr\/es\/wp-json\/wp\/v2\/pages\/15472","targetHints":{"allow":["GET"]}}],"collection":[{"href":"https:\/\/www.totem-formation.fr\/es\/wp-json\/wp\/v2\/pages"}],"about":[{"href":"https:\/\/www.totem-formation.fr\/es\/wp-json\/wp\/v2\/types\/page"}],"author":[{"embeddable":true,"href":"https:\/\/www.totem-formation.fr\/es\/wp-json\/wp\/v2\/users\/1"}],"replies":[{"embeddable":true,"href":"https:\/\/www.totem-formation.fr\/es\/wp-json\/wp\/v2\/comments?post=15472"}],"version-history":[{"count":10,"href":"https:\/\/www.totem-formation.fr\/es\/wp-json\/wp\/v2\/pages\/15472\/revisions"}],"predecessor-version":[{"id":15881,"href":"https:\/\/www.totem-formation.fr\/es\/wp-json\/wp\/v2\/pages\/15472\/revisions\/15881"}],"wp:attachment":[{"href":"https:\/\/www.totem-formation.fr\/es\/wp-json\/wp\/v2\/media?parent=15472"}],"curies":[{"name":"wp","href":"https:\/\/api.w.org\/{rel}","templated":true}]}}