{"id":15454,"date":"2020-07-15T13:05:15","date_gmt":"2020-07-15T12:05:15","guid":{"rendered":"https:\/\/www.totem-formation.fr\/valor-anadido-de-gestion-2\/"},"modified":"2025-05-26T19:20:00","modified_gmt":"2025-05-26T18:20:00","slug":"valor-anadido-de-gestion-2","status":"publish","type":"page","link":"https:\/\/www.totem-formation.fr\/es\/valor-anadido-de-gestion-2\/","title":{"rendered":"VALOR A\u00d1ADIDO DE GESTI\u00d3N"},"content":{"rendered":"<div class=\"wpb-content-wrapper\"><p>[vc_row full_width=\u00bbstretch_row\u00bb parallax=\u00bbcontent-moving\u00bb parallax_image=\u00bb15061&#8243;][vc_column][vc_custom_heading text=\u00bbVALOR A\u00d1ADIDO DE GESTI\u00d3N\u00bb font_container=\u00bbtag:h1|font_size:48|text_align:left|color:%23ffffff\u00bb use_theme_fonts=\u00bbyes\u00bb css=\u00bb.vc_custom_1594814712954{padding-top: 50px !important;padding-bottom: 60px !important;}\u00bb][\/vc_column][\/vc_row][vc_row css=\u00bb.vc_custom_1594800859675{padding-top: 80px !important;padding-bottom: 40px !important;}\u00bb][vc_column][vc_column_text]<\/p>\n<h2>NUESTRA EXPERIENCIA MUY SOLICITADA EN FRANCIA Y EN EL EXTRANJERO<\/h2>\n<p>[\/vc_column_text][vc_column_text css=\u00bb.vc_custom_1595859802852{padding-bottom: 35px !important;}\u00bb]Medimos el valor a\u00f1adido de un directivo por su capacidad para <strong>mejorar la eficacia<\/strong> de la organizaci\u00f3n, <strong>motivar a los equipos de<\/strong> acuerdo con las normas y la estrategia de la empresa, y <strong>formar al personal<\/strong> para desarrollar su rendimiento.<\/p>\n<p><strong>El Valor A\u00f1adido Empresarial (VAM<\/strong> ) es uno de nuestros principales objetivos educativos y uno de nuestros <strong>indicadores de \u00e9xito m\u00e1s s\u00f3lidos<\/strong>. En concreto, durante cada uno de nuestros cursos, utilizamos numerosos enlaces y ejercicios de role-playing para que todos los participantes integren tanto estos conocimientos como estas competencias.[\/vc_column_text][\/vc_column][\/vc_row][vc_row full_width=\u00bbstretch_row\u00bb css=\u00bb.vc_custom_1595858139988{background-color: #e7710d !important;}\u00bb][vc_column width=\u00bb1\/3&#8243;][vc_row_inner][vc_column_inner width=\u00bb1\/4&#8243;][vc_single_image image=\u00bb15026&#8243; img_size=\u00bbfull\u00bb][\/vc_column_inner][vc_column_inner width=\u00bb3\/4&#8243;][vc_column_text]<span style=\"color: #ffffff;\"><strong>La eficacia de tus equipos<\/strong><\/span>[\/vc_column_text][\/vc_column_inner][\/vc_row_inner][vc_row_inner][vc_column_inner width=\u00bb1\/4&#8243;][vc_single_image image=\u00bb15032&#8243; img_size=\u00bbfull\u00bb][\/vc_column_inner][vc_column_inner width=\u00bb3\/4&#8243;][vc_column_text]<span style=\"color: #ffffff;\"><strong>Motivar a tus equipos<em>(con las normas y la estrategia de tu empresa como palancas para la acci\u00f3n<\/em>)<\/strong><\/span>[\/vc_column_text][\/vc_column_inner][\/vc_row_inner][vc_row_inner][vc_column_inner width=\u00bb1\/4&#8243;][vc_single_image image=\u00bb15033&#8243; img_size=\u00bbfull\u00bb][\/vc_column_inner][vc_column_inner width=\u00bb3\/4&#8243;][vc_column_text]<span style=\"color: #ffffff;\"><strong>Entrenar a los empleados para sacar a relucir su potencial y consolidar sus logros<\/strong><\/span>[\/vc_column_text][\/vc_column_inner][\/vc_row_inner][\/vc_column][vc_column width=\u00bb1\/3&#8243;][vc_single_image image=\u00bb15023&#8243; img_size=\u00bbfull\u00bb alignment=\u00bbcenter\u00bb][\/vc_column][vc_column width=\u00bb1\/3&#8243; css=\u00bb.vc_custom_1595858105653{background-position: center !important;background-repeat: no-repeat !important;background-size: contain !important;}\u00bb][vc_row_inner][vc_column_inner width=\u00bb1\/4&#8243;][vc_single_image image=\u00bb15026&#8243; img_size=\u00bbfull\u00bb][\/vc_column_inner][vc_column_inner width=\u00bb3\/4&#8243;][vc_column_text]<span style=\"color: #ffffff;\"><strong>Equipos m\u00e1s eficaces<em>(en t\u00e9rminos de comunicaci\u00f3n, resultados e innovaci\u00f3n<\/em>)<\/strong><\/span>[\/vc_column_text][\/vc_column_inner][\/vc_row_inner][vc_row_inner][vc_column_inner width=\u00bb1\/4&#8243;][vc_single_image image=\u00bb15032&#8243; img_size=\u00bbfull\u00bb][\/vc_column_inner][vc_column_inner width=\u00bb3\/4&#8243;][vc_column_text]<span style=\"color: #ffffff;\"><strong>Menos conflictos<em>(gracias a una mejor intercomunicaci\u00f3n<\/em>)<\/strong><\/span>[\/vc_column_text][\/vc_column_inner][\/vc_row_inner][vc_row_inner][vc_column_inner width=\u00bb1\/4&#8243;][vc_single_image image=\u00bb15033&#8243; img_size=\u00bbfull\u00bb][\/vc_column_inner][vc_column_inner width=\u00bb3\/4&#8243;][vc_column_text]<span style=\"color: #ffffff;\"><strong>Sinergia a largo plazo con ejercicios de juegos de rol y cursos que provocan cambios en profundidad<\/strong><\/span>[\/vc_column_text][\/vc_column_inner][\/vc_row_inner][\/vc_column][\/vc_row][vc_row full_width=\u00bbstretch_row\u00bb css=\u00bb.vc_custom_1595859854575{margin-top: 0px !important;margin-bottom: 0px !important;background-color: #f9cabc !important;}\u00bb][vc_column][vc_column_text css=\u00bb.vc_custom_1595859933368{padding-top: 35px !important;padding-bottom: 30px !important;}\u00bb]<\/p>\n<h3>El directivo es un profesional responsable del rendimiento de los dem\u00e1s.<\/h3>\n<p style=\"text-align: right;\">Philippe Gabilliet<\/p>\n<p>[\/vc_column_text][\/vc_column][\/vc_row]<\/p>\n<\/div>","protected":false},"excerpt":{"rendered":"<p>[vc_row full_width=\u00bbstretch_row\u00bb parallax=\u00bbcontent-moving\u00bb parallax_image=\u00bb15061&#8243;][vc_column][vc_custom_heading text=\u00bbVALOR A\u00d1ADIDO DE GESTI\u00d3N\u00bb font_container=\u00bbtag:h1|font_size:48|text_align:left|color:%23ffffff\u00bb use_theme_fonts=\u00bbyes\u00bb css=\u00bb.vc_custom_1594814712954{padding-top: 50px !important;padding-bottom: 60px !important;}\u00bb][\/vc_column][\/vc_row][vc_row css=\u00bb.vc_custom_1594800859675{padding-top: 80px !important;padding-bottom: 40px !important;}\u00bb][vc_column][vc_column_text] NUESTRA EXPERIENCIA MUY SOLICITADA EN FRANCIA Y EN EL EXTRANJERO [\/vc_column_text][vc_column_text css=\u00bb.vc_custom_1595859802852{padding-bottom: 35px !important;}\u00bb]Medimos el valor a\u00f1adido de un directivo por su capacidad para mejorar la eficacia de la organizaci\u00f3n, motivar a los equipos de&hellip;<\/p>\n","protected":false},"author":1,"featured_media":0,"parent":0,"menu_order":0,"comment_status":"closed","ping_status":"closed","template":"","meta":{"_acf_changed":false,"footnotes":""},"class_list":["post-15454","page","type-page","status-publish","hentry"],"acf":[],"yoast_head":"<!-- This site is optimized with the Yoast SEO plugin v25.1 - https:\/\/yoast.com\/wordpress\/plugins\/seo\/ -->\n<title>VALOR A\u00d1ADIDO DE GESTI\u00d3N - Totem<\/title>\n<meta name=\"robots\" content=\"index, follow, max-snippet:-1, max-image-preview:large, max-video-preview:-1\" \/>\n<link rel=\"canonical\" href=\"https:\/\/www.totem-formation.fr\/es\/valor-anadido-de-gestion-2\/\" \/>\n<meta property=\"og:locale\" content=\"es_ES\" \/>\n<meta property=\"og:type\" content=\"article\" \/>\n<meta property=\"og:title\" content=\"VALOR A\u00d1ADIDO DE GESTI\u00d3N - Totem\" \/>\n<meta property=\"og:description\" content=\"[vc_row full_width=\u00bbstretch_row\u00bb parallax=\u00bbcontent-moving\u00bb parallax_image=\u00bb15061&#8243;][vc_column][vc_custom_heading text=\u00bbVALOR A\u00d1ADIDO DE GESTI\u00d3N\u00bb font_container=\u00bbtag:h1|font_size:48|text_align:left|color:%23ffffff\u00bb use_theme_fonts=\u00bbyes\u00bb css=\u00bb.vc_custom_1594814712954{padding-top: 50px !important;padding-bottom: 60px !important;}\u00bb][\/vc_column][\/vc_row][vc_row css=\u00bb.vc_custom_1594800859675{padding-top: 80px !important;padding-bottom: 40px !important;}\u00bb][vc_column][vc_column_text] NUESTRA EXPERIENCIA MUY SOLICITADA EN FRANCIA Y EN EL EXTRANJERO [\/vc_column_text][vc_column_text css=\u00bb.vc_custom_1595859802852{padding-bottom: 35px !important;}\u00bb]Medimos el valor a\u00f1adido de un directivo por su capacidad para mejorar la eficacia de la organizaci\u00f3n, motivar a los equipos de&hellip;\" \/>\n<meta property=\"og:url\" content=\"https:\/\/www.totem-formation.fr\/es\/valor-anadido-de-gestion-2\/\" \/>\n<meta property=\"og:site_name\" content=\"Totem\" \/>\n<meta property=\"article:publisher\" content=\"http:\/\/www.facebook.com\/TotemConseilFormation\" \/>\n<meta property=\"article:modified_time\" content=\"2025-05-26T18:20:00+00:00\" \/>\n<meta name=\"twitter:card\" content=\"summary_large_image\" \/>\n<meta name=\"twitter:site\" content=\"@totem_cpl\" \/>\n<meta name=\"twitter:label1\" content=\"Tiempo de lectura\" \/>\n\t<meta name=\"twitter:data1\" content=\"3 minutos\" \/>\n<script type=\"application\/ld+json\" class=\"yoast-schema-graph\">{\"@context\":\"https:\/\/schema.org\",\"@graph\":[{\"@type\":\"WebPage\",\"@id\":\"https:\/\/www.totem-formation.fr\/es\/valor-anadido-de-gestion-2\/\",\"url\":\"https:\/\/www.totem-formation.fr\/es\/valor-anadido-de-gestion-2\/\",\"name\":\"VALOR A\u00d1ADIDO DE GESTI\u00d3N - Totem\",\"isPartOf\":{\"@id\":\"https:\/\/www.totem-formation.fr\/es\/#website\"},\"datePublished\":\"2020-07-15T12:05:15+00:00\",\"dateModified\":\"2025-05-26T18:20:00+00:00\",\"breadcrumb\":{\"@id\":\"https:\/\/www.totem-formation.fr\/es\/valor-anadido-de-gestion-2\/#breadcrumb\"},\"inLanguage\":\"es\",\"potentialAction\":[{\"@type\":\"ReadAction\",\"target\":[\"https:\/\/www.totem-formation.fr\/es\/valor-anadido-de-gestion-2\/\"]}]},{\"@type\":\"BreadcrumbList\",\"@id\":\"https:\/\/www.totem-formation.fr\/es\/valor-anadido-de-gestion-2\/#breadcrumb\",\"itemListElement\":[{\"@type\":\"ListItem\",\"position\":1,\"name\":\"Accueil\",\"item\":\"https:\/\/www.totem-formation.fr\/es\/inicio-nuevo\/\"},{\"@type\":\"ListItem\",\"position\":2,\"name\":\"VALOR A\u00d1ADIDO DE GESTI\u00d3N\"}]},{\"@type\":\"WebSite\",\"@id\":\"https:\/\/www.totem-formation.fr\/es\/#website\",\"url\":\"https:\/\/www.totem-formation.fr\/es\/\",\"name\":\"Totem\",\"description\":\"Conseil et Formation\",\"publisher\":{\"@id\":\"https:\/\/www.totem-formation.fr\/es\/#organization\"},\"potentialAction\":[{\"@type\":\"SearchAction\",\"target\":{\"@type\":\"EntryPoint\",\"urlTemplate\":\"https:\/\/www.totem-formation.fr\/es\/?s={search_term_string}\"},\"query-input\":{\"@type\":\"PropertyValueSpecification\",\"valueRequired\":true,\"valueName\":\"search_term_string\"}}],\"inLanguage\":\"es\"},{\"@type\":\"Organization\",\"@id\":\"https:\/\/www.totem-formation.fr\/es\/#organization\",\"name\":\"Totem Formation\",\"url\":\"https:\/\/www.totem-formation.fr\/es\/\",\"logo\":{\"@type\":\"ImageObject\",\"inLanguage\":\"es\",\"@id\":\"https:\/\/www.totem-formation.fr\/es\/#\/schema\/logo\/image\/\",\"url\":\"https:\/\/www.totem-formation.fr\/wp-content\/uploads\/2015\/07\/logo-totem-moyen.png\",\"contentUrl\":\"https:\/\/www.totem-formation.fr\/wp-content\/uploads\/2015\/07\/logo-totem-moyen.png\",\"width\":400,\"height\":130,\"caption\":\"Totem Formation\"},\"image\":{\"@id\":\"https:\/\/www.totem-formation.fr\/es\/#\/schema\/logo\/image\/\"},\"sameAs\":[\"http:\/\/www.facebook.com\/TotemConseilFormation\",\"https:\/\/x.com\/totem_cpl\"]}]}<\/script>\n<!-- \/ Yoast SEO plugin. -->","yoast_head_json":{"title":"VALOR A\u00d1ADIDO DE GESTI\u00d3N - Totem","robots":{"index":"index","follow":"follow","max-snippet":"max-snippet:-1","max-image-preview":"max-image-preview:large","max-video-preview":"max-video-preview:-1"},"canonical":"https:\/\/www.totem-formation.fr\/es\/valor-anadido-de-gestion-2\/","og_locale":"es_ES","og_type":"article","og_title":"VALOR A\u00d1ADIDO DE GESTI\u00d3N - Totem","og_description":"[vc_row full_width=\u00bbstretch_row\u00bb parallax=\u00bbcontent-moving\u00bb parallax_image=\u00bb15061&#8243;][vc_column][vc_custom_heading text=\u00bbVALOR A\u00d1ADIDO DE GESTI\u00d3N\u00bb font_container=\u00bbtag:h1|font_size:48|text_align:left|color:%23ffffff\u00bb use_theme_fonts=\u00bbyes\u00bb css=\u00bb.vc_custom_1594814712954{padding-top: 50px !important;padding-bottom: 60px !important;}\u00bb][\/vc_column][\/vc_row][vc_row css=\u00bb.vc_custom_1594800859675{padding-top: 80px !important;padding-bottom: 40px !important;}\u00bb][vc_column][vc_column_text] NUESTRA EXPERIENCIA MUY SOLICITADA EN FRANCIA Y EN EL EXTRANJERO [\/vc_column_text][vc_column_text css=\u00bb.vc_custom_1595859802852{padding-bottom: 35px !important;}\u00bb]Medimos el valor a\u00f1adido de un directivo por su capacidad para mejorar la eficacia de la organizaci\u00f3n, motivar a los equipos de&hellip;","og_url":"https:\/\/www.totem-formation.fr\/es\/valor-anadido-de-gestion-2\/","og_site_name":"Totem","article_publisher":"http:\/\/www.facebook.com\/TotemConseilFormation","article_modified_time":"2025-05-26T18:20:00+00:00","twitter_card":"summary_large_image","twitter_site":"@totem_cpl","twitter_misc":{"Tiempo de lectura":"3 minutos"},"schema":{"@context":"https:\/\/schema.org","@graph":[{"@type":"WebPage","@id":"https:\/\/www.totem-formation.fr\/es\/valor-anadido-de-gestion-2\/","url":"https:\/\/www.totem-formation.fr\/es\/valor-anadido-de-gestion-2\/","name":"VALOR A\u00d1ADIDO DE GESTI\u00d3N - Totem","isPartOf":{"@id":"https:\/\/www.totem-formation.fr\/es\/#website"},"datePublished":"2020-07-15T12:05:15+00:00","dateModified":"2025-05-26T18:20:00+00:00","breadcrumb":{"@id":"https:\/\/www.totem-formation.fr\/es\/valor-anadido-de-gestion-2\/#breadcrumb"},"inLanguage":"es","potentialAction":[{"@type":"ReadAction","target":["https:\/\/www.totem-formation.fr\/es\/valor-anadido-de-gestion-2\/"]}]},{"@type":"BreadcrumbList","@id":"https:\/\/www.totem-formation.fr\/es\/valor-anadido-de-gestion-2\/#breadcrumb","itemListElement":[{"@type":"ListItem","position":1,"name":"Accueil","item":"https:\/\/www.totem-formation.fr\/es\/inicio-nuevo\/"},{"@type":"ListItem","position":2,"name":"VALOR A\u00d1ADIDO DE GESTI\u00d3N"}]},{"@type":"WebSite","@id":"https:\/\/www.totem-formation.fr\/es\/#website","url":"https:\/\/www.totem-formation.fr\/es\/","name":"Totem","description":"Conseil et Formation","publisher":{"@id":"https:\/\/www.totem-formation.fr\/es\/#organization"},"potentialAction":[{"@type":"SearchAction","target":{"@type":"EntryPoint","urlTemplate":"https:\/\/www.totem-formation.fr\/es\/?s={search_term_string}"},"query-input":{"@type":"PropertyValueSpecification","valueRequired":true,"valueName":"search_term_string"}}],"inLanguage":"es"},{"@type":"Organization","@id":"https:\/\/www.totem-formation.fr\/es\/#organization","name":"Totem Formation","url":"https:\/\/www.totem-formation.fr\/es\/","logo":{"@type":"ImageObject","inLanguage":"es","@id":"https:\/\/www.totem-formation.fr\/es\/#\/schema\/logo\/image\/","url":"https:\/\/www.totem-formation.fr\/wp-content\/uploads\/2015\/07\/logo-totem-moyen.png","contentUrl":"https:\/\/www.totem-formation.fr\/wp-content\/uploads\/2015\/07\/logo-totem-moyen.png","width":400,"height":130,"caption":"Totem Formation"},"image":{"@id":"https:\/\/www.totem-formation.fr\/es\/#\/schema\/logo\/image\/"},"sameAs":["http:\/\/www.facebook.com\/TotemConseilFormation","https:\/\/x.com\/totem_cpl"]}]}},"_links":{"self":[{"href":"https:\/\/www.totem-formation.fr\/es\/wp-json\/wp\/v2\/pages\/15454","targetHints":{"allow":["GET"]}}],"collection":[{"href":"https:\/\/www.totem-formation.fr\/es\/wp-json\/wp\/v2\/pages"}],"about":[{"href":"https:\/\/www.totem-formation.fr\/es\/wp-json\/wp\/v2\/types\/page"}],"author":[{"embeddable":true,"href":"https:\/\/www.totem-formation.fr\/es\/wp-json\/wp\/v2\/users\/1"}],"replies":[{"embeddable":true,"href":"https:\/\/www.totem-formation.fr\/es\/wp-json\/wp\/v2\/comments?post=15454"}],"version-history":[{"count":1,"href":"https:\/\/www.totem-formation.fr\/es\/wp-json\/wp\/v2\/pages\/15454\/revisions"}],"predecessor-version":[{"id":15457,"href":"https:\/\/www.totem-formation.fr\/es\/wp-json\/wp\/v2\/pages\/15454\/revisions\/15457"}],"wp:attachment":[{"href":"https:\/\/www.totem-formation.fr\/es\/wp-json\/wp\/v2\/media?parent=15454"}],"curies":[{"name":"wp","href":"https:\/\/api.w.org\/{rel}","templated":true}]}}