{"id":15453,"date":"2020-07-15T10:02:09","date_gmt":"2020-07-15T09:02:09","guid":{"rendered":"https:\/\/www.totem-formation.fr\/pedagogia\/"},"modified":"2025-05-26T19:20:01","modified_gmt":"2025-05-26T18:20:01","slug":"pedagogia","status":"publish","type":"page","link":"https:\/\/www.totem-formation.fr\/es\/pedagogia\/","title":{"rendered":"PEDAGOG\u00cdA"},"content":{"rendered":"<div class=\"wpb-content-wrapper\"><p>[vc_row full_width=\u00bbstretch_row\u00bb parallax=\u00bbcontent-moving\u00bb parallax_image=\u00bb14963&#8243;][vc_column][vc_custom_heading text=\u00bbPEDAGOG\u00cdA\u00bb font_container=\u00bbtag:h1|font_size:48|text_align:left|color:%23ffffff\u00bb use_theme_fonts=\u00bbyes\u00bb css=\u00bb.vc_custom_1594803059123{padding-top: 50px !important;padding-bottom: 60px !important;}\u00bb][\/vc_column][\/vc_row][vc_row css=\u00bb.vc_custom_1594798856862{padding-top: 50px !important;}\u00bb][vc_column width=\u00bb2\/3&#8243;][vc_column_text css=\u00bb.vc_custom_1594999014384{padding-top: 35px !important;}\u00bb]<\/p>\n<h2>PARA UN APOYO INTEGRAL ADAPTADO A CADA PERSONA<\/h2>\n<p>&nbsp;<\/p>\n<p>Nuestros participantes, <strong>adeptos a la pedagog\u00eda inversa<\/strong>, toman conciencia de las expectativas del curso mediante reflexiones operativas.<\/p>\n<p>El <strong>objetivo es<\/strong> que se sumerjan en actividades de formaci\u00f3n y aplicaci\u00f3n desde la primera hora de formaci\u00f3n.<\/p>\n<p><strong>Durante la formaci\u00f3n<\/strong>, adem\u00e1s de los conceptos y t\u00e9cnicas compartidos con los participantes, nuestros consultores se centran en actividades de aplicaci\u00f3n y entrenamiento. Estos ejercicios de formaci\u00f3n y juegos de rol no s\u00f3lo ayudan a los participantes a comprender, sino tambi\u00e9n a practicar&#8230; \u00a1para un efecto espejo garantizado! <\/p>\n<p>&nbsp;<\/p>\n<blockquote>\n<p>\u00a1No existe una buena ense\u00f1anza que no empiece por despertar el deseo de aprender! - Daniel Pennac <\/p>\n<\/blockquote>\n<p>[\/vc_column_text][\/vc_column][vc_column width=\u00bb1\/3&#8243;][vc_single_image image=\u00bb14965&#8243; img_size=\u00bbfull\u00bb alignment=\u00bbcenter\u00bb][\/vc_column][\/vc_row][vc_row full_width=\u00bbstretch_row\u00bb css=\u00bb.vc_custom_1594803847518{margin-top: 50px !important;margin-bottom: 50px !important;background-color: #e64f29 !important;}\u00bb][vc_column][vc_column_text css=\u00bb.vc_custom_1594804016652{padding-top: 10px !important;padding-bottom: 10px !important;}\u00bb]<\/p>\n<div class=\"page\" title=\"P\u00e1gina 11\">\n<div class=\"layoutArea\">\n<div class=\"column\">\n<h3 style=\"text-align: center;\"><span style=\"color: #ffffff;\">\u201cOigo y olvido. Veo y recuerdo. Hago y comprendo\u201d.<\/span><\/h3>\n<p style=\"text-align: right;\"><span style=\"color: #ffffff;\">Confucio<\/span><\/p>\n<\/div>\n<\/div>\n<\/div>\n<p>[\/vc_column_text][\/vc_column][\/vc_row][vc_row][vc_column width=\u00bb1\/2&#8243;][vc_row_inner][vc_column_inner width=\u00bb1\/4&#8243;][vc_icon type=\u00bbentypo\u00bb icon_entypo=\u00bbentypo-icon entypo-icon-share\u00bb color=\u00bbcustom\u00bb size=\u00bblg\u00bb align=\u00bbcenter\u00bb custom_color=\u00bb#f0592b\u00bb][\/vc_column_inner][vc_column_inner width=\u00bb3\/4&#8243;][vc_column_text]<strong>COMPARTIR<\/strong><br \/>Nuestros formadores se aseguran de que todo el grupo comprenda los resultados esperados: <b>qu\u00e9 estamos haciendo <\/b>y <b>por qu\u00e9 <\/b>lo estamos haciendo. Estamos convencidos de que sin esta puesta en com\u00fan, toda la din\u00e1mica del grupo se deteriora. Para nosotros, la comprensi\u00f3n, la motivaci\u00f3n y el rendimiento est\u00e1n intr\u00ednsecamente relacionados.[\/vc_column_text][\/vc_column_inner][\/vc_row_inner][vc_empty_space height=\u00bb30px\u00bb][vc_row_inner][vc_column_inner width=\u00bb1\/4&#8243;][vc_icon type=\u00bbentypo\u00bb icon_entypo=\u00bbentypo-icon entypo-icon-switch\u00bb color=\u00bbcustom\u00bb align=\u00bbcenter\u00bb custom_color=\u00bb#f0592b\u00bb][\/vc_column_inner][vc_column_inner width=\u00bb3\/4&#8243;][vc_column_text]<strong>APLICACI\u00d3N<\/strong><br \/>Los participantes registran las habilidades que han adquirido en un plan de acci\u00f3n personal. A medida que avanza la formaci\u00f3n, anotan los progresos que han realizado en la ense\u00f1anza de cada secuencia, las \u00e1reas de trabajo que han identificado y los \u00e1mbitos en los que se pueden aplicar. Estas reflexiones y oportunidades se formalizan y comparten con el formador y el N+1.[\/vc_column_text][\/vc_column_inner][\/vc_row_inner][vc_empty_space height=\u00bb30px\u00bb][\/vc_column][vc_column width=\u00bb1\/2&#8243;][vc_row_inner][vc_column_inner width=\u00bb1\/4&#8243;][vc_icon type=\u00bbentypo\u00bb icon_entypo=\u00bbentypo-icon entypo-icon-light-up\u00bb color=\u00bbcustom\u00bb align=\u00bbcenter\u00bb custom_color=\u00bb#f0592b\u00bb][\/vc_column_inner][vc_column_inner width=\u00bb3\/4&#8243;][vc_column_text]<\/p>\n<div class=\"page\" title=\"Page 6\">\n<div class=\"layoutArea\">\n<div class=\"column\">\n<p><strong>CONCIENCIA<br \/><\/strong>Se invita a los participantes en una promoci\u00f3n a cuestionarse a s\u00ed mismos, a tomar conciencia de las diferencias de pr\u00e1cticas dentro del grupo y a probar nuevas formas de hacer las cosas. La comprensi\u00f3n global es la clave para una mejor adaptaci\u00f3n y un rendimiento m\u00e1s \u00e1gil. En un mundo en constante cambio, tratamos de promover estas cualidades esenciales.  <\/div>\n<\/div>\n<\/div>\n<p>[\/vc_column_text][\/vc_column_inner][\/vc_row_inner][vc_empty_space height=\u00bb30px\u00bb][vc_row_inner][vc_column_inner width=\u00bb1\/4&#8243;][vc_icon type=\u00bbfontawesome\u00bb icon_fontawesome=\u00bbfas fa-hand-pointer\u00bb color=\u00bbcustom\u00bb align=\u00bbcenter\u00bb custom_color=\u00bb#f0592b\u00bb][\/vc_column_inner][vc_column_inner width=\u00bb3\/4&#8243;][vc_column_text]<strong>FORMACI\u00d3N<\/strong><br \/>En cada curso de formaci\u00f3n se proponen ejercicios pr\u00e1cticos para que cada participante pueda no s\u00f3lo aplicar las t\u00e9cnicas adquiridas, sino tambi\u00e9n adquirir reflejos reales en el d\u00eda a d\u00eda. Estos ejercicios se adaptan a tu empresa y a los perfiles de los participantes, para que la experiencia de aprendizaje sea completa y real.[\/vc_column_text][\/vc_column_inner][\/vc_row_inner][vc_empty_space height=\u00bb30px\u00bb][\/vc_column][\/vc_row]<\/p>\n<\/div>","protected":false},"excerpt":{"rendered":"<p>[vc_row full_width=\u00bbstretch_row\u00bb parallax=\u00bbcontent-moving\u00bb parallax_image=\u00bb14963&#8243;][vc_column][vc_custom_heading text=\u00bbPEDAGOG\u00cdA\u00bb font_container=\u00bbtag:h1|font_size:48|text_align:left|color:%23ffffff\u00bb use_theme_fonts=\u00bbyes\u00bb css=\u00bb.vc_custom_1594803059123{padding-top: 50px !important;padding-bottom: 60px !important;}\u00bb][\/vc_column][\/vc_row][vc_row css=\u00bb.vc_custom_1594798856862{padding-top: 50px !important;}\u00bb][vc_column width=\u00bb2\/3&#8243;][vc_column_text css=\u00bb.vc_custom_1594999014384{padding-top: 35px !important;}\u00bb] PARA UN APOYO INTEGRAL ADAPTADO A CADA PERSONA &nbsp; Nuestros participantes, adeptos a la pedagog\u00eda inversa, toman conciencia de las expectativas del curso mediante reflexiones operativas. El objetivo es que se sumerjan en actividades de formaci\u00f3n&hellip;<\/p>\n","protected":false},"author":1,"featured_media":0,"parent":0,"menu_order":0,"comment_status":"closed","ping_status":"closed","template":"","meta":{"_acf_changed":false,"footnotes":""},"class_list":["post-15453","page","type-page","status-publish","hentry"],"acf":[],"yoast_head":"<!-- This site is optimized with the Yoast SEO plugin v25.1 - https:\/\/yoast.com\/wordpress\/plugins\/seo\/ -->\n<title>PEDAGOG\u00cdA - Totem<\/title>\n<meta name=\"robots\" content=\"index, follow, max-snippet:-1, max-image-preview:large, max-video-preview:-1\" \/>\n<link rel=\"canonical\" href=\"https:\/\/www.totem-formation.fr\/es\/pedagogia\/\" \/>\n<meta property=\"og:locale\" content=\"es_ES\" \/>\n<meta property=\"og:type\" content=\"article\" \/>\n<meta property=\"og:title\" content=\"PEDAGOG\u00cdA - Totem\" \/>\n<meta property=\"og:description\" content=\"[vc_row full_width=\u00bbstretch_row\u00bb parallax=\u00bbcontent-moving\u00bb parallax_image=\u00bb14963&#8243;][vc_column][vc_custom_heading text=\u00bbPEDAGOG\u00cdA\u00bb font_container=\u00bbtag:h1|font_size:48|text_align:left|color:%23ffffff\u00bb use_theme_fonts=\u00bbyes\u00bb css=\u00bb.vc_custom_1594803059123{padding-top: 50px !important;padding-bottom: 60px !important;}\u00bb][\/vc_column][\/vc_row][vc_row css=\u00bb.vc_custom_1594798856862{padding-top: 50px !important;}\u00bb][vc_column width=\u00bb2\/3&#8243;][vc_column_text css=\u00bb.vc_custom_1594999014384{padding-top: 35px !important;}\u00bb] PARA UN APOYO INTEGRAL ADAPTADO A CADA PERSONA &nbsp; Nuestros participantes, adeptos a la pedagog\u00eda inversa, toman conciencia de las expectativas del curso mediante reflexiones operativas. El objetivo es que se sumerjan en actividades de formaci\u00f3n&hellip;\" \/>\n<meta property=\"og:url\" content=\"https:\/\/www.totem-formation.fr\/es\/pedagogia\/\" \/>\n<meta property=\"og:site_name\" content=\"Totem\" \/>\n<meta property=\"article:publisher\" content=\"http:\/\/www.facebook.com\/TotemConseilFormation\" \/>\n<meta property=\"article:modified_time\" content=\"2025-05-26T18:20:01+00:00\" \/>\n<meta name=\"twitter:card\" content=\"summary_large_image\" \/>\n<meta name=\"twitter:site\" content=\"@totem_cpl\" \/>\n<meta name=\"twitter:label1\" content=\"Tiempo de lectura\" \/>\n\t<meta name=\"twitter:data1\" content=\"4 minutos\" \/>\n<script type=\"application\/ld+json\" class=\"yoast-schema-graph\">{\"@context\":\"https:\/\/schema.org\",\"@graph\":[{\"@type\":\"WebPage\",\"@id\":\"https:\/\/www.totem-formation.fr\/es\/pedagogia\/\",\"url\":\"https:\/\/www.totem-formation.fr\/es\/pedagogia\/\",\"name\":\"PEDAGOG\u00cdA - Totem\",\"isPartOf\":{\"@id\":\"https:\/\/www.totem-formation.fr\/es\/#website\"},\"datePublished\":\"2020-07-15T09:02:09+00:00\",\"dateModified\":\"2025-05-26T18:20:01+00:00\",\"breadcrumb\":{\"@id\":\"https:\/\/www.totem-formation.fr\/es\/pedagogia\/#breadcrumb\"},\"inLanguage\":\"es\",\"potentialAction\":[{\"@type\":\"ReadAction\",\"target\":[\"https:\/\/www.totem-formation.fr\/es\/pedagogia\/\"]}]},{\"@type\":\"BreadcrumbList\",\"@id\":\"https:\/\/www.totem-formation.fr\/es\/pedagogia\/#breadcrumb\",\"itemListElement\":[{\"@type\":\"ListItem\",\"position\":1,\"name\":\"Accueil\",\"item\":\"https:\/\/www.totem-formation.fr\/es\/inicio-nuevo\/\"},{\"@type\":\"ListItem\",\"position\":2,\"name\":\"PEDAGOG\u00cdA\"}]},{\"@type\":\"WebSite\",\"@id\":\"https:\/\/www.totem-formation.fr\/es\/#website\",\"url\":\"https:\/\/www.totem-formation.fr\/es\/\",\"name\":\"Totem\",\"description\":\"Conseil et Formation\",\"publisher\":{\"@id\":\"https:\/\/www.totem-formation.fr\/es\/#organization\"},\"potentialAction\":[{\"@type\":\"SearchAction\",\"target\":{\"@type\":\"EntryPoint\",\"urlTemplate\":\"https:\/\/www.totem-formation.fr\/es\/?s={search_term_string}\"},\"query-input\":{\"@type\":\"PropertyValueSpecification\",\"valueRequired\":true,\"valueName\":\"search_term_string\"}}],\"inLanguage\":\"es\"},{\"@type\":\"Organization\",\"@id\":\"https:\/\/www.totem-formation.fr\/es\/#organization\",\"name\":\"Totem Formation\",\"url\":\"https:\/\/www.totem-formation.fr\/es\/\",\"logo\":{\"@type\":\"ImageObject\",\"inLanguage\":\"es\",\"@id\":\"https:\/\/www.totem-formation.fr\/es\/#\/schema\/logo\/image\/\",\"url\":\"https:\/\/www.totem-formation.fr\/wp-content\/uploads\/2015\/07\/logo-totem-moyen.png\",\"contentUrl\":\"https:\/\/www.totem-formation.fr\/wp-content\/uploads\/2015\/07\/logo-totem-moyen.png\",\"width\":400,\"height\":130,\"caption\":\"Totem Formation\"},\"image\":{\"@id\":\"https:\/\/www.totem-formation.fr\/es\/#\/schema\/logo\/image\/\"},\"sameAs\":[\"http:\/\/www.facebook.com\/TotemConseilFormation\",\"https:\/\/x.com\/totem_cpl\"]}]}<\/script>\n<!-- \/ Yoast SEO plugin. -->","yoast_head_json":{"title":"PEDAGOG\u00cdA - Totem","robots":{"index":"index","follow":"follow","max-snippet":"max-snippet:-1","max-image-preview":"max-image-preview:large","max-video-preview":"max-video-preview:-1"},"canonical":"https:\/\/www.totem-formation.fr\/es\/pedagogia\/","og_locale":"es_ES","og_type":"article","og_title":"PEDAGOG\u00cdA - Totem","og_description":"[vc_row full_width=\u00bbstretch_row\u00bb parallax=\u00bbcontent-moving\u00bb parallax_image=\u00bb14963&#8243;][vc_column][vc_custom_heading text=\u00bbPEDAGOG\u00cdA\u00bb font_container=\u00bbtag:h1|font_size:48|text_align:left|color:%23ffffff\u00bb use_theme_fonts=\u00bbyes\u00bb css=\u00bb.vc_custom_1594803059123{padding-top: 50px !important;padding-bottom: 60px !important;}\u00bb][\/vc_column][\/vc_row][vc_row css=\u00bb.vc_custom_1594798856862{padding-top: 50px !important;}\u00bb][vc_column width=\u00bb2\/3&#8243;][vc_column_text css=\u00bb.vc_custom_1594999014384{padding-top: 35px !important;}\u00bb] PARA UN APOYO INTEGRAL ADAPTADO A CADA PERSONA &nbsp; Nuestros participantes, adeptos a la pedagog\u00eda inversa, toman conciencia de las expectativas del curso mediante reflexiones operativas. El objetivo es que se sumerjan en actividades de formaci\u00f3n&hellip;","og_url":"https:\/\/www.totem-formation.fr\/es\/pedagogia\/","og_site_name":"Totem","article_publisher":"http:\/\/www.facebook.com\/TotemConseilFormation","article_modified_time":"2025-05-26T18:20:01+00:00","twitter_card":"summary_large_image","twitter_site":"@totem_cpl","twitter_misc":{"Tiempo de lectura":"4 minutos"},"schema":{"@context":"https:\/\/schema.org","@graph":[{"@type":"WebPage","@id":"https:\/\/www.totem-formation.fr\/es\/pedagogia\/","url":"https:\/\/www.totem-formation.fr\/es\/pedagogia\/","name":"PEDAGOG\u00cdA - Totem","isPartOf":{"@id":"https:\/\/www.totem-formation.fr\/es\/#website"},"datePublished":"2020-07-15T09:02:09+00:00","dateModified":"2025-05-26T18:20:01+00:00","breadcrumb":{"@id":"https:\/\/www.totem-formation.fr\/es\/pedagogia\/#breadcrumb"},"inLanguage":"es","potentialAction":[{"@type":"ReadAction","target":["https:\/\/www.totem-formation.fr\/es\/pedagogia\/"]}]},{"@type":"BreadcrumbList","@id":"https:\/\/www.totem-formation.fr\/es\/pedagogia\/#breadcrumb","itemListElement":[{"@type":"ListItem","position":1,"name":"Accueil","item":"https:\/\/www.totem-formation.fr\/es\/inicio-nuevo\/"},{"@type":"ListItem","position":2,"name":"PEDAGOG\u00cdA"}]},{"@type":"WebSite","@id":"https:\/\/www.totem-formation.fr\/es\/#website","url":"https:\/\/www.totem-formation.fr\/es\/","name":"Totem","description":"Conseil et Formation","publisher":{"@id":"https:\/\/www.totem-formation.fr\/es\/#organization"},"potentialAction":[{"@type":"SearchAction","target":{"@type":"EntryPoint","urlTemplate":"https:\/\/www.totem-formation.fr\/es\/?s={search_term_string}"},"query-input":{"@type":"PropertyValueSpecification","valueRequired":true,"valueName":"search_term_string"}}],"inLanguage":"es"},{"@type":"Organization","@id":"https:\/\/www.totem-formation.fr\/es\/#organization","name":"Totem Formation","url":"https:\/\/www.totem-formation.fr\/es\/","logo":{"@type":"ImageObject","inLanguage":"es","@id":"https:\/\/www.totem-formation.fr\/es\/#\/schema\/logo\/image\/","url":"https:\/\/www.totem-formation.fr\/wp-content\/uploads\/2015\/07\/logo-totem-moyen.png","contentUrl":"https:\/\/www.totem-formation.fr\/wp-content\/uploads\/2015\/07\/logo-totem-moyen.png","width":400,"height":130,"caption":"Totem Formation"},"image":{"@id":"https:\/\/www.totem-formation.fr\/es\/#\/schema\/logo\/image\/"},"sameAs":["http:\/\/www.facebook.com\/TotemConseilFormation","https:\/\/x.com\/totem_cpl"]}]}},"_links":{"self":[{"href":"https:\/\/www.totem-formation.fr\/es\/wp-json\/wp\/v2\/pages\/15453","targetHints":{"allow":["GET"]}}],"collection":[{"href":"https:\/\/www.totem-formation.fr\/es\/wp-json\/wp\/v2\/pages"}],"about":[{"href":"https:\/\/www.totem-formation.fr\/es\/wp-json\/wp\/v2\/types\/page"}],"author":[{"embeddable":true,"href":"https:\/\/www.totem-formation.fr\/es\/wp-json\/wp\/v2\/users\/1"}],"replies":[{"embeddable":true,"href":"https:\/\/www.totem-formation.fr\/es\/wp-json\/wp\/v2\/comments?post=15453"}],"version-history":[{"count":2,"href":"https:\/\/www.totem-formation.fr\/es\/wp-json\/wp\/v2\/pages\/15453\/revisions"}],"predecessor-version":[{"id":15459,"href":"https:\/\/www.totem-formation.fr\/es\/wp-json\/wp\/v2\/pages\/15453\/revisions\/15459"}],"wp:attachment":[{"href":"https:\/\/www.totem-formation.fr\/es\/wp-json\/wp\/v2\/media?parent=15453"}],"curies":[{"name":"wp","href":"https:\/\/api.w.org\/{rel}","templated":true}]}}