{"id":15364,"date":"2019-03-14T15:19:23","date_gmt":"2019-03-14T14:19:23","guid":{"rendered":"https:\/\/www.totem-formation.fr\/gestion-de-equipos-y-estrategia-de-aliados\/"},"modified":"2025-05-26T19:14:30","modified_gmt":"2025-05-26T18:14:30","slug":"gestion-de-equipos-y-estrategia-de-aliados","status":"publish","type":"page","link":"https:\/\/www.totem-formation.fr\/es\/gestion-de-equipos-y-estrategia-de-aliados\/","title":{"rendered":"Gesti\u00f3n de equipos y estrategia de aliados"},"content":{"rendered":"<div class=\"wpb-content-wrapper\"><p>[vc_row][vc_column][vc_separator color=\u00bbblack\u00bb style=\u00bbshadow\u00bb][\/vc_column][\/vc_row][vc_row][vc_column][vc_column_text]<\/p>\n<h1><strong>Gesti\u00f3n de equipos<\/strong><\/h1>\n<p><strong>Nuestros equipos han viajado por todo el mundo para apoyar a directivos y ejecutivos. Nuestras conclusiones son id\u00e9nticas: de Par\u00eds a Miami, pasando por Taiw\u00e1n y Madrid, las preocupaciones de los directivos de hoy se centran en c\u00f3mo unir y comprometer a los equipos para que alcancen sus objetivos y tomen decisiones&#8230; <\/strong><\/p>\n<p>Aunque no existe la formaci\u00f3n milagrosa, el valor a\u00f1adido directivo existe y es alcanzable en cuanto nos tomamos el tiempo de clarificar nuestro proyecto de equipo para dar m\u00e1s alma a nuestras decisiones y objetivos.[\/vc_column_text][vc_row_inner][vc_column_inner][vc_separator color=\u00bbwhite\u00bb][\/vc_column_inner][\/vc_row_inner][vc_column_text]<\/p>\n<blockquote><p>\u201cJuntarse es un comienzo. Permanecer juntos es un progreso. Trabajar juntos es el \u00e9xito\u201d Henry Ford<\/p><\/blockquote>\n<p>[\/vc_column_text][vc_separator color=\u00bbwhite\u00bb][vc_column_text]<\/p>\n<h1><strong>PROYECTO DE EQUIPO Y ESTRATEGIA DE ALIADOS<\/strong><\/h1>\n<p>[\/vc_column_text][vc_separator color=\u00bbwhite\u00bb][\/vc_column][\/vc_row][vc_row][vc_column width=\u00bb1\/2&#8243;][vc_column_text]<\/p>\n<h2 style=\"text-align: center;\"><strong>Objetivo del curso<\/strong><\/h2>\n<ul>\n<li>Combinar compromiso y rendimiento.<\/li>\n<li>Desarrollar una gesti\u00f3n eficaz al servicio de los objetivos de la empresa.<\/li>\n<li>Reforzar un clima de confianza para comprometer y retener a nuestros empleados.<\/li>\n<li>Dar sentido a las decisiones y movilizar a la gente en torno a ellas.<\/li>\n<li>Combina inteligencia emocional y estrategia de comunicaci\u00f3n para poner en marcha una estrategia de aliados.<\/li>\n<\/ul>\n<p>[\/vc_column_text][\/vc_column][vc_column width=\u00bb1\/2&#8243;][vc_single_image image=\u00bb14393&#8243; img_size=\u00bbmedium\u00bb alignment=\u00bbcenter\u00bb][\/vc_column][\/vc_row][vc_row][vc_column width=\u00bb1\/2&#8243;][vc_column_text]<\/p>\n<h2 style=\"text-align: center;\"><b>Sistema de apoyo <\/b>:<\/h2>\n<p style=\"text-align: left;\">Un programa de 4 meses que alterna :<\/p>\n<ul>\n<li>Trabajo preparatorio.<\/li>\n<li>Cara a cara.<\/li>\n<li>Apoyo individual.<\/li>\n<li>Conversaciones previas y posteriores con el N+1 del participante y el Director de RRHH.<\/li>\n<li>Acceso a nuestra plataforma de e-learning.<\/li>\n<\/ul>\n<p>[\/vc_column_text][\/vc_column][vc_column width=\u00bb1\/2&#8243;][vc_single_image image=\u00bb14394&#8243; img_size=\u00bbmedium\u00bb alignment=\u00bbcenter\u00bb][\/vc_column][\/vc_row][vc_row][vc_column][vc_separator color=\u00bbwhite\u00bb][\/vc_column][\/vc_row][vc_row][vc_column][vc_column_text]<\/p>\n<h1><strong>Programa<\/strong><\/h1>\n<p>[\/vc_column_text][\/vc_column][\/vc_row][vc_row][vc_column][vc_separator color=\u00bbwhite\u00bb][\/vc_column][\/vc_row][vc_row][vc_column width=\u00bb1\/2&#8243;][vc_column_text]<\/p>\n<h2 style=\"text-align: center;\"><strong>Construir un proyecto en equipo<\/strong><\/h2>\n<ul>\n<li>Identificar\/aclarar nuestra ambici\u00f3n para nuestro equipo: ADN, objetivos y resultados esperados.<\/li>\n<li>Un m\u00e9todo para construir un proyecto en equipo: an\u00e1lisis, encuadre y estructuraci\u00f3n.<\/li>\n<li>Acci\u00f3n: Formaliza tu proyecto.<\/li>\n<\/ul>\n<p>[\/vc_column_text][\/vc_column][vc_column width=\u00bb1\/2&#8243;][vc_single_image image=\u00bb14381&#8243; img_size=\u00bbmedium\u00bb alignment=\u00bbcenter\u00bb][\/vc_column][\/vc_row][vc_row][vc_column width=\u00bb1\/2&#8243;][vc_column_text]<\/p>\n<h2 style=\"text-align: center;\"><strong>Poner en marcha una estrategia de aliados<\/strong><\/h2>\n<ul>\n<li>An\u00e1lisis y conocimiento de la situaci\u00f3n de tu equipo y de las fuerzas en juego.<\/li>\n<li>Construir tu estrategia de aliados.<\/li>\n<li>Apoyo y formaci\u00f3n para federarse y comprometerse en un proyecto de equipo.<\/li>\n<li>Apoyo y formaci\u00f3n para influir en tus aliados (ap\u00f3yate en tus aliados y desaf\u00eda a tus espectadores).<\/li>\n<\/ul>\n<p>[\/vc_column_text][\/vc_column][vc_column width=\u00bb1\/2&#8243;][vc_single_image image=\u00bb14378&#8243; img_size=\u00bbmedium\u00bb alignment=\u00bbcenter\u00bb][\/vc_column][\/vc_row][vc_row][vc_column width=\u00bb1\/2&#8243;][vc_column_text]<\/p>\n<h2 style=\"text-align: center;\"><strong>Enfrentarse a situaciones complejas<\/strong><\/h2>\n<ul>\n<li>M\u00e9todo: caracterizar situaciones complejas, desde el malentendido hasta el conflicto.<\/li>\n<li>M\u00e9todo: aclara tu intenci\u00f3n.<\/li>\n<li>Informaci\u00f3n y formaci\u00f3n sobre comunicaci\u00f3n: informaci\u00f3n y formaci\u00f3n sobre gesti\u00f3n de desacuerdos y conflictos.<\/li>\n<\/ul>\n<p>[\/vc_column_text][\/vc_column][vc_column width=\u00bb1\/2&#8243;][vc_single_image image=\u00bb14380&#8243; img_size=\u00bbmedium\u00bb alignment=\u00bbcenter\u00bb][\/vc_column][\/vc_row][vc_row][vc_column][vc_separator color=\u00bbwhite\u00bb][\/vc_column][\/vc_row][vc_row][vc_column][vc_column_text]No dudes en <a href=\"https:\/\/www.totem-formation.fr\/es\/ponte-en-contacto-con\/\">ponerte en contacto con<\/a> nosotros para solicitar un presupuesto y un programa a medida.[\/vc_column_text][\/vc_column][\/vc_row]<\/p>\n<\/div>","protected":false},"excerpt":{"rendered":"<p>[vc_row][vc_column][vc_separator color=\u00bbblack\u00bb style=\u00bbshadow\u00bb][\/vc_column][\/vc_row][vc_row][vc_column][vc_column_text] Gesti\u00f3n de equipos Nuestros equipos han viajado por todo el mundo para apoyar a directivos y ejecutivos. Nuestras conclusiones son id\u00e9nticas: de Par\u00eds a Miami, pasando por Taiw\u00e1n y Madrid, las preocupaciones de los directivos de hoy se centran en c\u00f3mo unir y comprometer a los equipos para que alcancen sus objetivos&hellip;<\/p>\n","protected":false},"author":2,"featured_media":0,"parent":0,"menu_order":0,"comment_status":"closed","ping_status":"closed","template":"","meta":{"_acf_changed":false,"footnotes":""},"class_list":["post-15364","page","type-page","status-publish","hentry"],"acf":[],"yoast_head":"<!-- This site is optimized with the Yoast SEO plugin v25.1 - https:\/\/yoast.com\/wordpress\/plugins\/seo\/ -->\n<title>Gesti\u00f3n de equipos y estrategia de aliados - Totem Consultor\u00eda y Formaci\u00f3n<\/title>\n<meta name=\"description\" content=\"El valor a\u00f1adido de gesti\u00f3n que existe es alcanzable en cuanto nos tomamos el tiempo de clarificar nuestro proyecto de equipo para dar m\u00e1s alma a nuestras decisiones y objetivos.\" \/>\n<meta name=\"robots\" content=\"index, follow, max-snippet:-1, max-image-preview:large, max-video-preview:-1\" \/>\n<link rel=\"canonical\" href=\"https:\/\/www.totem-formation.fr\/es\/gestion-de-equipos-y-estrategia-de-aliados\/\" \/>\n<meta property=\"og:locale\" content=\"es_ES\" \/>\n<meta property=\"og:type\" content=\"article\" \/>\n<meta property=\"og:title\" content=\"Gesti\u00f3n de equipos y estrategia de aliados - Totem Consultor\u00eda y Formaci\u00f3n\" \/>\n<meta property=\"og:description\" content=\"El valor a\u00f1adido de gesti\u00f3n que existe es alcanzable en cuanto nos tomamos el tiempo de clarificar nuestro proyecto de equipo para dar m\u00e1s alma a nuestras decisiones y objetivos.\" \/>\n<meta property=\"og:url\" content=\"https:\/\/www.totem-formation.fr\/es\/gestion-de-equipos-y-estrategia-de-aliados\/\" \/>\n<meta property=\"og:site_name\" content=\"Totem\" \/>\n<meta property=\"article:publisher\" content=\"http:\/\/www.facebook.com\/TotemConseilFormation\" \/>\n<meta property=\"article:modified_time\" content=\"2025-05-26T18:14:30+00:00\" \/>\n<meta name=\"twitter:card\" content=\"summary_large_image\" \/>\n<meta name=\"twitter:site\" content=\"@totem_cpl\" \/>\n<meta name=\"twitter:label1\" content=\"Tiempo de lectura\" \/>\n\t<meta name=\"twitter:data1\" content=\"3 minutos\" \/>\n<script type=\"application\/ld+json\" class=\"yoast-schema-graph\">{\"@context\":\"https:\/\/schema.org\",\"@graph\":[{\"@type\":\"WebPage\",\"@id\":\"https:\/\/www.totem-formation.fr\/es\/gestion-de-equipos-y-estrategia-de-aliados\/\",\"url\":\"https:\/\/www.totem-formation.fr\/es\/gestion-de-equipos-y-estrategia-de-aliados\/\",\"name\":\"Gesti\u00f3n de equipos y estrategia de aliados - Totem Consultor\u00eda y Formaci\u00f3n\",\"isPartOf\":{\"@id\":\"https:\/\/www.totem-formation.fr\/es\/#website\"},\"datePublished\":\"2019-03-14T14:19:23+00:00\",\"dateModified\":\"2025-05-26T18:14:30+00:00\",\"description\":\"El valor a\u00f1adido de gesti\u00f3n que existe es alcanzable en cuanto nos tomamos el tiempo de clarificar nuestro proyecto de equipo para dar m\u00e1s alma a nuestras decisiones y objetivos.\",\"breadcrumb\":{\"@id\":\"https:\/\/www.totem-formation.fr\/es\/gestion-de-equipos-y-estrategia-de-aliados\/#breadcrumb\"},\"inLanguage\":\"es\",\"potentialAction\":[{\"@type\":\"ReadAction\",\"target\":[\"https:\/\/www.totem-formation.fr\/es\/gestion-de-equipos-y-estrategia-de-aliados\/\"]}]},{\"@type\":\"BreadcrumbList\",\"@id\":\"https:\/\/www.totem-formation.fr\/es\/gestion-de-equipos-y-estrategia-de-aliados\/#breadcrumb\",\"itemListElement\":[{\"@type\":\"ListItem\",\"position\":1,\"name\":\"Accueil\",\"item\":\"https:\/\/www.totem-formation.fr\/es\/inicio-nuevo\/\"},{\"@type\":\"ListItem\",\"position\":2,\"name\":\"Gesti\u00f3n de equipos y estrategia de aliados\"}]},{\"@type\":\"WebSite\",\"@id\":\"https:\/\/www.totem-formation.fr\/es\/#website\",\"url\":\"https:\/\/www.totem-formation.fr\/es\/\",\"name\":\"Totem\",\"description\":\"Conseil et Formation\",\"publisher\":{\"@id\":\"https:\/\/www.totem-formation.fr\/es\/#organization\"},\"potentialAction\":[{\"@type\":\"SearchAction\",\"target\":{\"@type\":\"EntryPoint\",\"urlTemplate\":\"https:\/\/www.totem-formation.fr\/es\/?s={search_term_string}\"},\"query-input\":{\"@type\":\"PropertyValueSpecification\",\"valueRequired\":true,\"valueName\":\"search_term_string\"}}],\"inLanguage\":\"es\"},{\"@type\":\"Organization\",\"@id\":\"https:\/\/www.totem-formation.fr\/es\/#organization\",\"name\":\"Totem Formation\",\"url\":\"https:\/\/www.totem-formation.fr\/es\/\",\"logo\":{\"@type\":\"ImageObject\",\"inLanguage\":\"es\",\"@id\":\"https:\/\/www.totem-formation.fr\/es\/#\/schema\/logo\/image\/\",\"url\":\"https:\/\/www.totem-formation.fr\/wp-content\/uploads\/2015\/07\/logo-totem-moyen.png\",\"contentUrl\":\"https:\/\/www.totem-formation.fr\/wp-content\/uploads\/2015\/07\/logo-totem-moyen.png\",\"width\":400,\"height\":130,\"caption\":\"Totem Formation\"},\"image\":{\"@id\":\"https:\/\/www.totem-formation.fr\/es\/#\/schema\/logo\/image\/\"},\"sameAs\":[\"http:\/\/www.facebook.com\/TotemConseilFormation\",\"https:\/\/x.com\/totem_cpl\"]}]}<\/script>\n<!-- \/ Yoast SEO plugin. -->","yoast_head_json":{"title":"Gesti\u00f3n de equipos y estrategia de aliados - Totem Consultor\u00eda y Formaci\u00f3n","description":"El valor a\u00f1adido de gesti\u00f3n que existe es alcanzable en cuanto nos tomamos el tiempo de clarificar nuestro proyecto de equipo para dar m\u00e1s alma a nuestras decisiones y objetivos.","robots":{"index":"index","follow":"follow","max-snippet":"max-snippet:-1","max-image-preview":"max-image-preview:large","max-video-preview":"max-video-preview:-1"},"canonical":"https:\/\/www.totem-formation.fr\/es\/gestion-de-equipos-y-estrategia-de-aliados\/","og_locale":"es_ES","og_type":"article","og_title":"Gesti\u00f3n de equipos y estrategia de aliados - Totem Consultor\u00eda y Formaci\u00f3n","og_description":"El valor a\u00f1adido de gesti\u00f3n que existe es alcanzable en cuanto nos tomamos el tiempo de clarificar nuestro proyecto de equipo para dar m\u00e1s alma a nuestras decisiones y objetivos.","og_url":"https:\/\/www.totem-formation.fr\/es\/gestion-de-equipos-y-estrategia-de-aliados\/","og_site_name":"Totem","article_publisher":"http:\/\/www.facebook.com\/TotemConseilFormation","article_modified_time":"2025-05-26T18:14:30+00:00","twitter_card":"summary_large_image","twitter_site":"@totem_cpl","twitter_misc":{"Tiempo de lectura":"3 minutos"},"schema":{"@context":"https:\/\/schema.org","@graph":[{"@type":"WebPage","@id":"https:\/\/www.totem-formation.fr\/es\/gestion-de-equipos-y-estrategia-de-aliados\/","url":"https:\/\/www.totem-formation.fr\/es\/gestion-de-equipos-y-estrategia-de-aliados\/","name":"Gesti\u00f3n de equipos y estrategia de aliados - Totem Consultor\u00eda y Formaci\u00f3n","isPartOf":{"@id":"https:\/\/www.totem-formation.fr\/es\/#website"},"datePublished":"2019-03-14T14:19:23+00:00","dateModified":"2025-05-26T18:14:30+00:00","description":"El valor a\u00f1adido de gesti\u00f3n que existe es alcanzable en cuanto nos tomamos el tiempo de clarificar nuestro proyecto de equipo para dar m\u00e1s alma a nuestras decisiones y objetivos.","breadcrumb":{"@id":"https:\/\/www.totem-formation.fr\/es\/gestion-de-equipos-y-estrategia-de-aliados\/#breadcrumb"},"inLanguage":"es","potentialAction":[{"@type":"ReadAction","target":["https:\/\/www.totem-formation.fr\/es\/gestion-de-equipos-y-estrategia-de-aliados\/"]}]},{"@type":"BreadcrumbList","@id":"https:\/\/www.totem-formation.fr\/es\/gestion-de-equipos-y-estrategia-de-aliados\/#breadcrumb","itemListElement":[{"@type":"ListItem","position":1,"name":"Accueil","item":"https:\/\/www.totem-formation.fr\/es\/inicio-nuevo\/"},{"@type":"ListItem","position":2,"name":"Gesti\u00f3n de equipos y estrategia de aliados"}]},{"@type":"WebSite","@id":"https:\/\/www.totem-formation.fr\/es\/#website","url":"https:\/\/www.totem-formation.fr\/es\/","name":"Totem","description":"Conseil et Formation","publisher":{"@id":"https:\/\/www.totem-formation.fr\/es\/#organization"},"potentialAction":[{"@type":"SearchAction","target":{"@type":"EntryPoint","urlTemplate":"https:\/\/www.totem-formation.fr\/es\/?s={search_term_string}"},"query-input":{"@type":"PropertyValueSpecification","valueRequired":true,"valueName":"search_term_string"}}],"inLanguage":"es"},{"@type":"Organization","@id":"https:\/\/www.totem-formation.fr\/es\/#organization","name":"Totem Formation","url":"https:\/\/www.totem-formation.fr\/es\/","logo":{"@type":"ImageObject","inLanguage":"es","@id":"https:\/\/www.totem-formation.fr\/es\/#\/schema\/logo\/image\/","url":"https:\/\/www.totem-formation.fr\/wp-content\/uploads\/2015\/07\/logo-totem-moyen.png","contentUrl":"https:\/\/www.totem-formation.fr\/wp-content\/uploads\/2015\/07\/logo-totem-moyen.png","width":400,"height":130,"caption":"Totem Formation"},"image":{"@id":"https:\/\/www.totem-formation.fr\/es\/#\/schema\/logo\/image\/"},"sameAs":["http:\/\/www.facebook.com\/TotemConseilFormation","https:\/\/x.com\/totem_cpl"]}]}},"_links":{"self":[{"href":"https:\/\/www.totem-formation.fr\/es\/wp-json\/wp\/v2\/pages\/15364","targetHints":{"allow":["GET"]}}],"collection":[{"href":"https:\/\/www.totem-formation.fr\/es\/wp-json\/wp\/v2\/pages"}],"about":[{"href":"https:\/\/www.totem-formation.fr\/es\/wp-json\/wp\/v2\/types\/page"}],"author":[{"embeddable":true,"href":"https:\/\/www.totem-formation.fr\/es\/wp-json\/wp\/v2\/users\/2"}],"replies":[{"embeddable":true,"href":"https:\/\/www.totem-formation.fr\/es\/wp-json\/wp\/v2\/comments?post=15364"}],"version-history":[{"count":6,"href":"https:\/\/www.totem-formation.fr\/es\/wp-json\/wp\/v2\/pages\/15364\/revisions"}],"predecessor-version":[{"id":15821,"href":"https:\/\/www.totem-formation.fr\/es\/wp-json\/wp\/v2\/pages\/15364\/revisions\/15821"}],"wp:attachment":[{"href":"https:\/\/www.totem-formation.fr\/es\/wp-json\/wp\/v2\/media?parent=15364"}],"curies":[{"name":"wp","href":"https:\/\/api.w.org\/{rel}","templated":true}]}}