{"id":15363,"date":"2015-06-25T10:06:20","date_gmt":"2015-06-25T09:06:20","guid":{"rendered":"https:\/\/www.totem-formation.fr\/el-equipo\/"},"modified":"2025-05-26T19:11:36","modified_gmt":"2025-05-26T18:11:36","slug":"el-equipo","status":"publish","type":"page","link":"https:\/\/www.totem-formation.fr\/es\/el-equipo\/","title":{"rendered":"El equipo"},"content":{"rendered":"<div class=\"wpb-content-wrapper\"><p>[vc_row full_width=\u00bbstretch_row\u00bb css=\u00bb.vc_custom_1594888443328{background-color: #e64f29 !important;}\u00bb][vc_column][vc_column_text css_animation=\u00bbbottom-to-top\u00bb]<\/p>\n<h1 style=\"text-align: center;\"><span style=\"color: #ffffff;\"><b>El equipo TOTEM<br \/>\nconsultores Formadores certificados<\/b><\/span><\/h1>\n<p>&nbsp;<\/p>\n<h3 style=\"text-align: center;\"><span style=\"color: #ffffff;\">UN EQUIPO DIN\u00c1MICO E INNOVADOR A TU DISPOSICI\u00d3N PARA HACER REALIDAD TUS AMBICIONES<\/span><\/h3>\n<p>[\/vc_column_text][\/vc_column][\/vc_row][vc_row row_type=\u00bbfull_width_row\u00bb gmbt_prlx_smooth_scrolling=\u00bbgambit_parallax_enable_smooth_scroll\u00bb top_padding=\u00bb90px\u00bb bottom_padding=\u00bb90px\u00bb el_class=\u00bb.border-bottom-0&#8243; css=\u00bb.vc_custom_1594889941589{margin-bottom: 0px !important;padding-top: 50px !important;padding-bottom: 90px !important;}\u00bb][vc_column][vc_row_inner][vc_column_inner width=\u00bb1\/3&#8243;][vc_single_image image=\u00bb14782&#8243; img_size=\u00bb150&#215;150&#8243; alignment=\u00bbcenter\u00bb style=\u00bbvc_box_circle_2&#8243; css_animation=\u00bbfadeIn\u00bb css=\u00bb.vc_custom_1594981029205{margin-bottom: 3px !important;border-bottom-width: 3px !important;}\u00bb][vc_column_text css_animation=\u00bbtop-to-bottom\u00bb]<\/p>\n<p style=\"text-align: center;\"><strong>David Rivera<br \/>\n<\/strong><em>- Colaborador<\/em><\/p>\n<p style=\"text-align: center;\"><a href=\"https:\/\/www.linkedin.com\/in\/david-rivera-759589b6\/\" target=\"_blank\" rel=\"noopener noreferrer\"><img loading=\"lazy\" decoding=\"async\" class=\"alignnone wp-image-14616\" src=\"https:\/\/www.totem-formation.fr\/wp-content\/uploads\/2020\/07\/Linkedin.jpg\" alt=\"Linkedin\" width=\"50\" height=\"33\"><\/a><a href=\"mailto:rivera@totem-formation.fr\" target=\"_blank\" rel=\"noopener noreferrer\"><img loading=\"lazy\" decoding=\"async\" class=\"alignnone wp-image-14615\" src=\"https:\/\/www.totem-formation.fr\/wp-content\/uploads\/2020\/07\/Mail.jpg\" alt=\"Env\u00eda un correo electr\u00f3nico a\" width=\"50\" height=\"33\"><\/a><\/p>\n<p>Con una formaci\u00f3n multidisciplinar en una empresa agroalimentaria multinacional, David ha ocupado puestos de responsabilidad en ventas, marketing y RRHH durante m\u00e1s de 20 a\u00f1os. Estas experiencias complementarias le permiten adoptar un enfoque interfuncional de la eficacia comercial y directiva, basado en una comprensi\u00f3n \u00e1gil de las empresas y organizaciones.<br \/>\nConstantemente en busca de nuevos enfoques y m\u00e9todos de ense\u00f1anza, disfruta dirigiendo una comunidad de formadores de alto rendimiento dentro de Totem, con el objetivo de desarrollar un sentido de corresponsabilidad que sea a la vez envolvente y solidario, en inter\u00e9s del rendimiento del cliente.<br \/>\n[\/vc_column_text][\/vc_column_inner][vc_column_inner width=\u00bb1\/3&#8243;][vc_single_image image=\u00bb15142&#8243; img_size=\u00bb150&#215;150&#8243; alignment=\u00bbcenter\u00bb style=\u00bbvc_box_circle_2&#8243; css_animation=\u00bbfadeIn\u00bb css=\u00bb.vc_custom_1612514122977{margin-bottom: 3px !important;border-bottom-width: 3px !important;}\u00bb][vc_column_text css_animation=\u00bbtop-to-bottom\u00bb]<\/p>\n<p style=\"text-align: center;\"><strong>Jean-S\u00e9bastien Michel<br \/>\n<\/strong><em>- Colaborador<\/em><\/p>\n<p style=\"text-align: center;\"><a href=\"https:\/\/www.linkedin.com\/in\/jean-sebastienmichel\/?originalSubdomain=fr\" target=\"_blank\" rel=\"noopener noreferrer\"><img loading=\"lazy\" decoding=\"async\" class=\"alignnone wp-image-14616\" src=\"https:\/\/www.totem-formation.fr\/wp-content\/uploads\/2020\/07\/Linkedin.jpg\" alt=\"Linkedin\" width=\"50\" height=\"33\"><\/a><a href=\"mailto:michel@totem-formation.fr\" target=\"_blank\" rel=\"noopener noreferrer\"><img loading=\"lazy\" decoding=\"async\" class=\"alignnone wp-image-14615\" src=\"https:\/\/www.totem-formation.fr\/wp-content\/uploads\/2020\/07\/Mail.jpg\" alt=\"Env\u00eda un correo electr\u00f3nico a\" width=\"50\" height=\"33\"><\/a><\/p>\n<p>Con 25 a\u00f1os de experiencia en funciones ejecutivas y de gesti\u00f3n comercial, estrat\u00e9gicas y operativas, en los sectores de supermercados y restauraci\u00f3n, Jean-S\u00e9bastien ha adquirido una considerable experiencia en Gesti\u00f3n, Negociaci\u00f3n, Ventas, Gesti\u00f3n de Categor\u00edas y Organizaci\u00f3n.<br \/>\nApasionado de la gesti\u00f3n de personas en sus dimensiones personal y colectiva, pone todo su saber hacer y sus habilidades interpersonales al servicio del rendimiento.<br \/>\nCon la certificaci\u00f3n de Coaching Ejecutivo de HEC Par\u00eds, busca constantemente revelar la riqueza y el poder del potencial de cada individuo.[\/vc_column_text][\/vc_column_inner][vc_column_inner width=\u00bb1\/3&#8243;][vc_single_image image=\u00bb14437&#8243; img_size=\u00bb150&#215;150&#8243; alignment=\u00bbcenter\u00bb style=\u00bbvc_box_circle_2&#8243; css_animation=\u00bbfadeIn\u00bb css=\u00bb.vc_custom_1594888238033{margin-bottom: 3px !important;border-bottom-width: 3px !important;background-position: center !important;background-repeat: no-repeat !important;background-size: cover !important;}\u00bb][vc_column_text css_animation=\u00bbtop-to-bottom\u00bb]<\/p>\n<p style=\"text-align: center;\"><strong>S\u00e9verine Cazeneuve<br \/>\n<\/strong><em>- Asistente de Formaci\u00f3n -<\/em><\/p>\n<p style=\"text-align: center;\"><a href=\"https:\/\/www.linkedin.com\/in\/s%C3%A9verine-cazeneuve-183a63151\/\" target=\"_blank\" rel=\"noopener noreferrer\"><img loading=\"lazy\" decoding=\"async\" class=\"alignnone wp-image-14616\" src=\"https:\/\/www.totem-formation.fr\/wp-content\/uploads\/2020\/07\/Linkedin.jpg\" alt=\"Linkedin\" width=\"50\" height=\"33\"><\/a><a href=\"mailto:cazeneuve@totem-formation.fr\" target=\"_blank\" rel=\"noopener noreferrer\"><img loading=\"lazy\" decoding=\"async\" class=\"alignnone wp-image-14615\" src=\"https:\/\/www.totem-formation.fr\/wp-content\/uploads\/2020\/07\/Mail.jpg\" alt=\"Env\u00eda un correo electr\u00f3nico a\" width=\"50\" height=\"33\"><\/a><\/p>\n<p>S\u00e9verine trabaja como asistente de formaci\u00f3n desde agosto de 2017, tras una carrera de diez a\u00f1os en el sector minorista y una docena en el sector de la restauraci\u00f3n. S\u00e9verine depende de los Directores Asociados y contribuye a la gesti\u00f3n administrativa y log\u00edstica de los programas de formaci\u00f3n, as\u00ed como a las dem\u00e1s tareas que se le asignan. Persona din\u00e1mica que escucha a todo el mundo, S\u00e9verine trabaja en un puesto polivalente y gratificante con un amplio abanico de proyectos.[\/vc_column_text][\/vc_column_inner][\/vc_row_inner][vc_row_inner][vc_column_inner width=\u00bb1\/3&#8243;][vc_single_image image=\u00bb14016&#8243; img_size=\u00bb150&#215;150&#8243; alignment=\u00bbcenter\u00bb style=\u00bbvc_box_circle_2&#8243; css_animation=\u00bbfadeIn\u00bb css=\u00bb.vc_custom_1594888229799{margin-bottom: 3px !important;border-bottom-width: 3px !important;}\u00bb][vc_column_text css_animation=\u00bbtop-to-bottom\u00bb]<\/p>\n<p style=\"text-align: center;\"><strong>Katia Dhuicq<br \/>\n<\/strong><em>- Socia -<\/em><\/p>\n<p style=\"text-align: center;\"><a href=\"https:\/\/www.linkedin.com\/in\/katia-dhuicq-5590155b\/\" target=\"_blank\" rel=\"noopener noreferrer\"><img loading=\"lazy\" decoding=\"async\" class=\"alignnone wp-image-14616\" src=\"https:\/\/www.totem-formation.fr\/wp-content\/uploads\/2020\/07\/Linkedin.jpg\" alt=\"Linkedin\" width=\"50\" height=\"33\"><\/a><a href=\"mailto:dhuicq@totem-formation.fr\" target=\"_blank\" rel=\"noopener noreferrer\"><img loading=\"lazy\" decoding=\"async\" class=\"alignnone wp-image-14615\" src=\"https:\/\/www.totem-formation.fr\/wp-content\/uploads\/2020\/07\/Mail.jpg\" alt=\"Env\u00eda un correo electr\u00f3nico a\" width=\"50\" height=\"33\"><\/a><\/p>\n<p>Con experiencia en ventas y en la industria alimentaria, el credo de esta senderista es el rendimiento de los dem\u00e1s. Certificada en gesti\u00f3n del cambio y psicolog\u00eda positiva, utiliza su discernimiento para llevar a sus participantes a un efecto espejo, fuente de desencadenantes que conducen a la facilidad y el rendimiento.[\/vc_column_text][\/vc_column_inner][vc_column_inner width=\u00bb1\/3&#8243;][vc_single_image image=\u00bb14632&#8243; img_size=\u00bb150&#215;150&#8243; alignment=\u00bbcenter\u00bb style=\u00bbvc_box_circle_2&#8243; css_animation=\u00bbfadeIn\u00bb css=\u00bb.vc_custom_1594888251628{margin-bottom: 3px !important;border-bottom-width: 3px !important;}\u00bb][vc_column_text css_animation=\u00bbtop-to-bottom\u00bb]<\/p>\n<p style=\"text-align: center;\"><strong>Fabrice Boussin<br \/>\n<\/strong><em>- Socio -<\/em><\/p>\n<p style=\"text-align: center;\"><a href=\"https:\/\/www.linkedin.com\/in\/fabrice-boussin-359b3958\/\" target=\"_blank\" rel=\"noopener noreferrer\"><img loading=\"lazy\" decoding=\"async\" class=\"alignnone wp-image-14616\" src=\"https:\/\/www.totem-formation.fr\/wp-content\/uploads\/2020\/07\/Linkedin.jpg\" alt=\"Linkedin\" width=\"50\" height=\"33\"><\/a><a href=\"mailto:boussin@totem-formation.fr\" target=\"_blank\" rel=\"noopener noreferrer\"><img loading=\"lazy\" decoding=\"async\" class=\"alignnone wp-image-14615\" src=\"https:\/\/www.totem-formation.fr\/wp-content\/uploads\/2020\/07\/Mail.jpg\" alt=\"Env\u00eda un correo electr\u00f3nico a\" width=\"50\" height=\"33\"><\/a><\/p>\n<p>Hombre de experiencia comercial y directiva, Fabrice dedica ahora su tiempo al coaching de empleados de empresa en los \u00e1mbitos de la gesti\u00f3n, las ventas, la negociaci\u00f3n y la gesti\u00f3n por categor\u00edas, con una \u00fanica ambici\u00f3n: ayudarles a alcanzar sus respectivas cimas. Pragm\u00e1tico y buen oyente, su principal objetivo en el coaching es desarrollar la autonom\u00eda y el empoderamiento de los participantes.[\/vc_column_text][\/vc_column_inner][vc_column_inner width=\u00bb1\/3&#8243;][vc_single_image image=\u00bb14018&#8243; img_size=\u00bb150&#215;150&#8243; alignment=\u00bbcenter\u00bb style=\u00bbvc_box_circle_2&#8243; css_animation=\u00bbtop-to-bottom\u00bb css=\u00bb.vc_custom_1594886777861{margin-bottom: 3px !important;border-bottom-width: 3px !important;}\u00bb][vc_column_text css_animation=\u00bbtop-to-bottom\u00bb]<\/p>\n<p style=\"text-align: center;\"><strong>Emmanuel Corcin<br \/>\n<\/strong><em>- Socio -<\/em><\/p>\n<p style=\"text-align: center;\"><a href=\"https:\/\/www.linkedin.com\/in\/emmanuel-corcin-81166843\/\" target=\"_blank\" rel=\"noopener noreferrer\"><img loading=\"lazy\" decoding=\"async\" class=\"alignnone wp-image-14616\" src=\"https:\/\/www.totem-formation.fr\/wp-content\/uploads\/2020\/07\/Linkedin.jpg\" alt=\"Linkedin\" width=\"50\" height=\"33\"><\/a><a href=\"mailto:corcin@totem-formation.fr\" target=\"_blank\" rel=\"noopener noreferrer\"><img loading=\"lazy\" decoding=\"async\" class=\"alignnone wp-image-14615\" src=\"https:\/\/www.totem-formation.fr\/wp-content\/uploads\/2020\/07\/Mail.jpg\" alt=\"Env\u00eda un correo electr\u00f3nico a\" width=\"50\" height=\"33\"><\/a><\/p>\n<p>Cofundador de TOTEM y multiempresario, Emmanuel lleva m\u00e1s de 20 a\u00f1os apoyando a l\u00edderes empresariales. Experto en ingenier\u00eda pedag\u00f3gica, cada d\u00eda pone sus competencias al servicio de su credo: \u00a1el poder excepcional del trabajo en equipo![\/vc_column_text][\/vc_column_inner][\/vc_row_inner][vc_row_inner][vc_column_inner width=\u00bb1\/3&#8243;][vc_single_image image=\u00bb14794&#8243; img_size=\u00bb150&#215;150&#8243; alignment=\u00bbcenter\u00bb style=\u00bbvc_box_circle_2&#8243; css_animation=\u00bbfadeIn\u00bb css=\u00bb.vc_custom_1594982154850{margin-bottom: 3px !important;border-bottom-width: 3px !important;}\u00bb][vc_column_text css_animation=\u00bbtop-to-bottom\u00bb]<\/p>\n<p style=\"text-align: center;\"><strong>Marie-France Lef\u00e8vre<br \/>\n<\/strong><em>- socia -<\/em><\/p>\n<p style=\"text-align: center;\"><a href=\"https:\/\/www.linkedin.com\/in\/marie-france-lef%C3%A8vre-79659610\/\" target=\"_blank\" rel=\"noopener noreferrer\"><img loading=\"lazy\" decoding=\"async\" class=\"alignnone wp-image-14616\" src=\"https:\/\/www.totem-formation.fr\/wp-content\/uploads\/2020\/07\/Linkedin.jpg\" alt=\"Linkedin\" width=\"50\" height=\"33\"><\/a><a href=\"mailto:lefevre@totem-formation.fr\" target=\"_blank\" rel=\"noopener noreferrer\"><img loading=\"lazy\" decoding=\"async\" class=\"alignnone wp-image-14615\" src=\"https:\/\/www.totem-formation.fr\/wp-content\/uploads\/2020\/07\/Mail.jpg\" alt=\"Env\u00eda un correo electr\u00f3nico a\" width=\"50\" height=\"33\"><\/a><\/p>\n<p>Profesional de la innovaci\u00f3n pedag\u00f3gica, Marie-France Lef\u00e8vre se compromete a ayudar a tus equipos a desarrollar su potencial directivo y comercial. Tras una carrera en marketing bancario, ventas y gesti\u00f3n de equipos en el sector de los productos de gran consumo, opt\u00f3 por centrarse en la formaci\u00f3n y el desarrollo de talentos. Su gusto por la innovaci\u00f3n y la creatividad y su capacidad para aprovechar la energ\u00eda de cada individuo le permiten apoyar a los equipos y a las personas en su camino hacia el \u00e9xito.[\/vc_column_text][\/vc_column_inner][vc_column_inner width=\u00bb1\/3&#8243;][vc_single_image image=\u00bb15179&#8243; img_size=\u00bb150&#215;150&#8243; alignment=\u00bbcenter\u00bb style=\u00bbvc_box_circle_2&#8243; css_animation=\u00bbfadeIn\u00bb css=\u00bb.vc_custom_1678976909313{margin-bottom: 3px !important;border-bottom-width: 3px !important;}\u00bb][vc_column_text css_animation=\u00bbtop-to-bottom\u00bb]<\/p>\n<p style=\"text-align: center;\"><strong>Aurore Kervinio-Vincent<\/strong><\/p>\n<p style=\"text-align: center;\"><em>- Socio -<\/em><\/p>\n<p style=\"text-align: center;\"><a href=\"https:\/\/www.linkedin.com\/in\/aurore-kervinio-vincent\" target=\"_blank\" rel=\"noopener\"><img loading=\"lazy\" decoding=\"async\" class=\"alignnone wp-image-14616\" src=\"https:\/\/www.totem-formation.fr\/wp-content\/uploads\/2020\/07\/Linkedin.jpg\" alt=\"Linkedin\" width=\"50\" height=\"33\"><\/a><a href=\"mailto:vincent@totem-formation.fr\" target=\"_blank\" rel=\"noopener noreferrer\"><img loading=\"lazy\" decoding=\"async\" class=\"alignnone wp-image-14615\" src=\"https:\/\/www.totem-formation.fr\/wp-content\/uploads\/2020\/07\/Mail.jpg\" alt=\"Env\u00eda un correo electr\u00f3nico a\" width=\"50\" height=\"33\"><\/a><\/p>\n<p><span class=\"\">A<\/span><span class=\"\">urore se basa en su experiencia de m\u00e1s de <\/span><span class=\"\">20 a\u00f1os de experiencia en el sector de la distribuci\u00f3n (supermercados y fuera del hogar) dentro de grandes grupos internacionales para ayudarte a desarrollar el rendimiento de tus empleados. <\/span><span class=\"\">Coach y formador profesional<\/span><span class=\"\"> <\/span><span class=\"\">su misi\u00f3n es apoyar <\/span><span class=\"\">a directivos, gestores y equipos <\/span><span class=\"\">en temas relacionados con <\/span><span class=\"\">la eficacia comercial, la gesti\u00f3n, la comunicaci\u00f3n, la inteligencia emocional y la gesti\u00f3n del estr\u00e9s. <\/span><span class=\"\">Aurore es tambi\u00e9n <\/span><span class=\"\">sofr\u00f3loga diplomada, especializada en la gesti\u00f3n del estr\u00e9s y de las emociones y en el apoyo al <\/span><span class=\"\">burn-out<\/span><span class=\"\">. <\/span>[\/vc_column_text][\/vc_column_inner][vc_column_inner width=\u00bb1\/3&#8243;][vc_single_image image=\u00bb14796&#8243; img_size=\u00bb150&#215;150&#8243; alignment=\u00bbcenter\u00bb style=\u00bbvc_box_circle_2&#8243; css_animation=\u00bbfadeIn\u00bb css=\u00bb.vc_custom_1594982391969{margin-bottom: 3px !important;border-bottom-width: 3px !important;background-position: center !important;background-repeat: no-repeat !important;background-size: cover !important;}\u00bb][vc_column_text css_animation=\u00bbtop-to-bottom\u00bb]<\/p>\n<p style=\"text-align: center;\"><strong>Brigitte Grassi<br \/>\n<\/strong><em>- Socia -<\/em><\/p>\n<p style=\"text-align: center;\"><a href=\"https:\/\/www.linkedin.com\/in\/brigitte-grassi-bouche-revol-23058b12\/\" target=\"_blank\" rel=\"noopener noreferrer\"><img loading=\"lazy\" decoding=\"async\" class=\"alignnone wp-image-14616\" src=\"https:\/\/www.totem-formation.fr\/wp-content\/uploads\/2020\/07\/Linkedin.jpg\" alt=\"Linkedin\" width=\"50\" height=\"33\"><\/a><a href=\"mailto:grassi@totem-formation.fr\" target=\"_blank\" rel=\"noopener noreferrer\"><img loading=\"lazy\" decoding=\"async\" class=\"alignnone wp-image-14615\" src=\"https:\/\/www.totem-formation.fr\/wp-content\/uploads\/2020\/07\/Mail.jpg\" alt=\"Env\u00eda un correo electr\u00f3nico a\" width=\"50\" height=\"33\"><\/a><\/p>\n<p>Su actividad consiste en tener en cuenta el contexto y los retos de sus clientes y poner en marcha un sistema de apoyo para influir en tus objetivos y condiciones de \u00e9xito (adhesi\u00f3n al cambio, desarrollo de las competencias del personal, organizaci\u00f3n ad hoc). 3 palabras caracterizan nuestros servicios de consultor\u00eda y formaci\u00f3n: benevolencia, pragmatismo y rigor. Su trabajo se caracteriza por 3 tipos de apoyo: consultor\u00eda, formaci\u00f3n y coaching.[\/vc_column_text][\/vc_column_inner][\/vc_row_inner][\/vc_column][\/vc_row]<\/p>\n<\/div>","protected":false},"excerpt":{"rendered":"<p>[vc_row full_width=\u00bbstretch_row\u00bb css=\u00bb.vc_custom_1594888443328{background-color: #e64f29 !important;}\u00bb][vc_column][vc_column_text css_animation=\u00bbbottom-to-top\u00bb] El equipo TOTEM consultores Formadores certificados &nbsp; UN EQUIPO DIN\u00c1MICO E INNOVADOR A TU DISPOSICI\u00d3N PARA HACER REALIDAD TUS AMBICIONES [\/vc_column_text][\/vc_column][\/vc_row][vc_row row_type=\u00bbfull_width_row\u00bb gmbt_prlx_smooth_scrolling=\u00bbgambit_parallax_enable_smooth_scroll\u00bb top_padding=\u00bb90px\u00bb bottom_padding=\u00bb90px\u00bb el_class=\u00bb.border-bottom-0&#8243; css=\u00bb.vc_custom_1594889941589{margin-bottom: 0px !important;padding-top: 50px !important;padding-bottom: 90px !important;}\u00bb][vc_column][vc_row_inner][vc_column_inner width=\u00bb1\/3&#8243;][vc_single_image image=\u00bb14782&#8243; img_size=\u00bb150&#215;150&#8243; alignment=\u00bbcenter\u00bb style=\u00bbvc_box_circle_2&#8243; css_animation=\u00bbfadeIn\u00bb css=\u00bb.vc_custom_1594981029205{margin-bottom: 3px !important;border-bottom-width: 3px !important;}\u00bb][vc_column_text css_animation=\u00bbtop-to-bottom\u00bb] David Rivera - Colaborador&hellip;<\/p>\n","protected":false},"author":1,"featured_media":0,"parent":0,"menu_order":0,"comment_status":"open","ping_status":"open","template":"","meta":{"_acf_changed":false,"footnotes":""},"class_list":["post-15363","page","type-page","status-publish","hentry"],"acf":[],"yoast_head":"<!-- This site is optimized with the Yoast SEO plugin v25.1 - https:\/\/yoast.com\/wordpress\/plugins\/seo\/ -->\n<title>El equipo Totem conseil &amp; formation - Par\u00eds<\/title>\n<meta name=\"description\" content=\"Te beneficiar\u00e1s de un equipo dedicado que se compromete a cumplir los objetivos y retos de tu empresa, y que permanece leal a tus proyectos.\" \/>\n<meta name=\"robots\" content=\"index, follow, max-snippet:-1, max-image-preview:large, max-video-preview:-1\" \/>\n<link rel=\"canonical\" href=\"https:\/\/www.totem-formation.fr\/es\/el-equipo\/\" \/>\n<meta property=\"og:locale\" content=\"es_ES\" \/>\n<meta property=\"og:type\" content=\"article\" \/>\n<meta property=\"og:title\" content=\"El equipo Totem conseil &amp; formation - Par\u00eds\" \/>\n<meta property=\"og:description\" content=\"Te beneficiar\u00e1s de un equipo dedicado que se compromete a cumplir los objetivos y retos de tu empresa, y que permanece leal a tus proyectos.\" \/>\n<meta property=\"og:url\" content=\"https:\/\/www.totem-formation.fr\/es\/el-equipo\/\" \/>\n<meta property=\"og:site_name\" content=\"Totem\" \/>\n<meta property=\"article:publisher\" content=\"http:\/\/www.facebook.com\/TotemConseilFormation\" \/>\n<meta property=\"article:modified_time\" content=\"2025-05-26T18:11:36+00:00\" \/>\n<meta property=\"og:image\" content=\"https:\/\/www.totem-formation.fr\/wp-content\/uploads\/2020\/07\/Linkedin.jpg\" \/>\n<meta name=\"twitter:card\" content=\"summary_large_image\" \/>\n<meta name=\"twitter:site\" content=\"@totem_cpl\" \/>\n<meta name=\"twitter:label1\" content=\"Tiempo de lectura\" \/>\n\t<meta name=\"twitter:data1\" content=\"6 minutos\" \/>\n<script type=\"application\/ld+json\" class=\"yoast-schema-graph\">{\"@context\":\"https:\/\/schema.org\",\"@graph\":[{\"@type\":\"WebPage\",\"@id\":\"https:\/\/www.totem-formation.fr\/es\/el-equipo\/\",\"url\":\"https:\/\/www.totem-formation.fr\/es\/el-equipo\/\",\"name\":\"El equipo Totem conseil & formation - Par\u00eds\",\"isPartOf\":{\"@id\":\"https:\/\/www.totem-formation.fr\/es\/#website\"},\"primaryImageOfPage\":{\"@id\":\"https:\/\/www.totem-formation.fr\/es\/el-equipo\/#primaryimage\"},\"image\":{\"@id\":\"https:\/\/www.totem-formation.fr\/es\/el-equipo\/#primaryimage\"},\"thumbnailUrl\":\"https:\/\/www.totem-formation.fr\/wp-content\/uploads\/2020\/07\/Linkedin.jpg\",\"datePublished\":\"2015-06-25T09:06:20+00:00\",\"dateModified\":\"2025-05-26T18:11:36+00:00\",\"description\":\"Te beneficiar\u00e1s de un equipo dedicado que se compromete a cumplir los objetivos y retos de tu empresa, y que permanece leal a tus proyectos.\",\"breadcrumb\":{\"@id\":\"https:\/\/www.totem-formation.fr\/es\/el-equipo\/#breadcrumb\"},\"inLanguage\":\"es\",\"potentialAction\":[{\"@type\":\"ReadAction\",\"target\":[\"https:\/\/www.totem-formation.fr\/es\/el-equipo\/\"]}]},{\"@type\":\"ImageObject\",\"inLanguage\":\"es\",\"@id\":\"https:\/\/www.totem-formation.fr\/es\/el-equipo\/#primaryimage\",\"url\":\"https:\/\/www.totem-formation.fr\/wp-content\/uploads\/2020\/07\/Linkedin.jpg\",\"contentUrl\":\"https:\/\/www.totem-formation.fr\/wp-content\/uploads\/2020\/07\/Linkedin.jpg\"},{\"@type\":\"BreadcrumbList\",\"@id\":\"https:\/\/www.totem-formation.fr\/es\/el-equipo\/#breadcrumb\",\"itemListElement\":[{\"@type\":\"ListItem\",\"position\":1,\"name\":\"Accueil\",\"item\":\"https:\/\/www.totem-formation.fr\/es\/inicio-nuevo\/\"},{\"@type\":\"ListItem\",\"position\":2,\"name\":\"El equipo\"}]},{\"@type\":\"WebSite\",\"@id\":\"https:\/\/www.totem-formation.fr\/es\/#website\",\"url\":\"https:\/\/www.totem-formation.fr\/es\/\",\"name\":\"Totem\",\"description\":\"Conseil et Formation\",\"publisher\":{\"@id\":\"https:\/\/www.totem-formation.fr\/es\/#organization\"},\"potentialAction\":[{\"@type\":\"SearchAction\",\"target\":{\"@type\":\"EntryPoint\",\"urlTemplate\":\"https:\/\/www.totem-formation.fr\/es\/?s={search_term_string}\"},\"query-input\":{\"@type\":\"PropertyValueSpecification\",\"valueRequired\":true,\"valueName\":\"search_term_string\"}}],\"inLanguage\":\"es\"},{\"@type\":\"Organization\",\"@id\":\"https:\/\/www.totem-formation.fr\/es\/#organization\",\"name\":\"Totem Formation\",\"url\":\"https:\/\/www.totem-formation.fr\/es\/\",\"logo\":{\"@type\":\"ImageObject\",\"inLanguage\":\"es\",\"@id\":\"https:\/\/www.totem-formation.fr\/es\/#\/schema\/logo\/image\/\",\"url\":\"https:\/\/www.totem-formation.fr\/wp-content\/uploads\/2015\/07\/logo-totem-moyen.png\",\"contentUrl\":\"https:\/\/www.totem-formation.fr\/wp-content\/uploads\/2015\/07\/logo-totem-moyen.png\",\"width\":400,\"height\":130,\"caption\":\"Totem Formation\"},\"image\":{\"@id\":\"https:\/\/www.totem-formation.fr\/es\/#\/schema\/logo\/image\/\"},\"sameAs\":[\"http:\/\/www.facebook.com\/TotemConseilFormation\",\"https:\/\/x.com\/totem_cpl\"]}]}<\/script>\n<!-- \/ Yoast SEO plugin. -->","yoast_head_json":{"title":"El equipo Totem conseil & formation - Par\u00eds","description":"Te beneficiar\u00e1s de un equipo dedicado que se compromete a cumplir los objetivos y retos de tu empresa, y que permanece leal a tus proyectos.","robots":{"index":"index","follow":"follow","max-snippet":"max-snippet:-1","max-image-preview":"max-image-preview:large","max-video-preview":"max-video-preview:-1"},"canonical":"https:\/\/www.totem-formation.fr\/es\/el-equipo\/","og_locale":"es_ES","og_type":"article","og_title":"El equipo Totem conseil & formation - Par\u00eds","og_description":"Te beneficiar\u00e1s de un equipo dedicado que se compromete a cumplir los objetivos y retos de tu empresa, y que permanece leal a tus proyectos.","og_url":"https:\/\/www.totem-formation.fr\/es\/el-equipo\/","og_site_name":"Totem","article_publisher":"http:\/\/www.facebook.com\/TotemConseilFormation","article_modified_time":"2025-05-26T18:11:36+00:00","og_image":[{"url":"https:\/\/www.totem-formation.fr\/wp-content\/uploads\/2020\/07\/Linkedin.jpg","type":"","width":"","height":""}],"twitter_card":"summary_large_image","twitter_site":"@totem_cpl","twitter_misc":{"Tiempo de lectura":"6 minutos"},"schema":{"@context":"https:\/\/schema.org","@graph":[{"@type":"WebPage","@id":"https:\/\/www.totem-formation.fr\/es\/el-equipo\/","url":"https:\/\/www.totem-formation.fr\/es\/el-equipo\/","name":"El equipo Totem conseil & formation - Par\u00eds","isPartOf":{"@id":"https:\/\/www.totem-formation.fr\/es\/#website"},"primaryImageOfPage":{"@id":"https:\/\/www.totem-formation.fr\/es\/el-equipo\/#primaryimage"},"image":{"@id":"https:\/\/www.totem-formation.fr\/es\/el-equipo\/#primaryimage"},"thumbnailUrl":"https:\/\/www.totem-formation.fr\/wp-content\/uploads\/2020\/07\/Linkedin.jpg","datePublished":"2015-06-25T09:06:20+00:00","dateModified":"2025-05-26T18:11:36+00:00","description":"Te beneficiar\u00e1s de un equipo dedicado que se compromete a cumplir los objetivos y retos de tu empresa, y que permanece leal a tus proyectos.","breadcrumb":{"@id":"https:\/\/www.totem-formation.fr\/es\/el-equipo\/#breadcrumb"},"inLanguage":"es","potentialAction":[{"@type":"ReadAction","target":["https:\/\/www.totem-formation.fr\/es\/el-equipo\/"]}]},{"@type":"ImageObject","inLanguage":"es","@id":"https:\/\/www.totem-formation.fr\/es\/el-equipo\/#primaryimage","url":"https:\/\/www.totem-formation.fr\/wp-content\/uploads\/2020\/07\/Linkedin.jpg","contentUrl":"https:\/\/www.totem-formation.fr\/wp-content\/uploads\/2020\/07\/Linkedin.jpg"},{"@type":"BreadcrumbList","@id":"https:\/\/www.totem-formation.fr\/es\/el-equipo\/#breadcrumb","itemListElement":[{"@type":"ListItem","position":1,"name":"Accueil","item":"https:\/\/www.totem-formation.fr\/es\/inicio-nuevo\/"},{"@type":"ListItem","position":2,"name":"El equipo"}]},{"@type":"WebSite","@id":"https:\/\/www.totem-formation.fr\/es\/#website","url":"https:\/\/www.totem-formation.fr\/es\/","name":"Totem","description":"Conseil et Formation","publisher":{"@id":"https:\/\/www.totem-formation.fr\/es\/#organization"},"potentialAction":[{"@type":"SearchAction","target":{"@type":"EntryPoint","urlTemplate":"https:\/\/www.totem-formation.fr\/es\/?s={search_term_string}"},"query-input":{"@type":"PropertyValueSpecification","valueRequired":true,"valueName":"search_term_string"}}],"inLanguage":"es"},{"@type":"Organization","@id":"https:\/\/www.totem-formation.fr\/es\/#organization","name":"Totem Formation","url":"https:\/\/www.totem-formation.fr\/es\/","logo":{"@type":"ImageObject","inLanguage":"es","@id":"https:\/\/www.totem-formation.fr\/es\/#\/schema\/logo\/image\/","url":"https:\/\/www.totem-formation.fr\/wp-content\/uploads\/2015\/07\/logo-totem-moyen.png","contentUrl":"https:\/\/www.totem-formation.fr\/wp-content\/uploads\/2015\/07\/logo-totem-moyen.png","width":400,"height":130,"caption":"Totem Formation"},"image":{"@id":"https:\/\/www.totem-formation.fr\/es\/#\/schema\/logo\/image\/"},"sameAs":["http:\/\/www.facebook.com\/TotemConseilFormation","https:\/\/x.com\/totem_cpl"]}]}},"_links":{"self":[{"href":"https:\/\/www.totem-formation.fr\/es\/wp-json\/wp\/v2\/pages\/15363","targetHints":{"allow":["GET"]}}],"collection":[{"href":"https:\/\/www.totem-formation.fr\/es\/wp-json\/wp\/v2\/pages"}],"about":[{"href":"https:\/\/www.totem-formation.fr\/es\/wp-json\/wp\/v2\/types\/page"}],"author":[{"embeddable":true,"href":"https:\/\/www.totem-formation.fr\/es\/wp-json\/wp\/v2\/users\/1"}],"replies":[{"embeddable":true,"href":"https:\/\/www.totem-formation.fr\/es\/wp-json\/wp\/v2\/comments?post=15363"}],"version-history":[{"count":2,"href":"https:\/\/www.totem-formation.fr\/es\/wp-json\/wp\/v2\/pages\/15363\/revisions"}],"predecessor-version":[{"id":15369,"href":"https:\/\/www.totem-formation.fr\/es\/wp-json\/wp\/v2\/pages\/15363\/revisions\/15369"}],"wp:attachment":[{"href":"https:\/\/www.totem-formation.fr\/es\/wp-json\/wp\/v2\/media?parent=15363"}],"curies":[{"name":"wp","href":"https:\/\/api.w.org\/{rel}","templated":true}]}}